{"id":86,"date":"2019-03-23T21:09:08","date_gmt":"2019-03-23T19:09:08","guid":{"rendered":"https:\/\/diode.afcarl.de\/?page_id=86"},"modified":"2026-04-30T20:16:44","modified_gmt":"2026-04-30T18:16:44","slug":"mitmachen","status":"publish","type":"page","link":"https:\/\/kassel-ebb.eu\/de\/mitmachen\/","title":{"rendered":"Mitmachen"},"content":{"rendered":"\n<div class=\"wp-block-group alignfull has-accent-2-color has-text-color has-link-color wp-elements-2b2ad328ad2cdbc0839ba070ebd9cad8 has-global-padding is-layout-constrained wp-block-group-is-layout-constrained\" style=\"padding-bottom:0\">\n<div class=\"wp-block-group alignfull has-accent-1-background-color has-background has-global-padding is-layout-constrained wp-block-group-is-layout-constrained\" style=\"padding-top:var(--wp--preset--spacing--40);padding-bottom:0\">\n<div class=\"wp-block-columns alignwide is-layout-flex wp-container-core-columns-is-layout-28f84493 wp-block-columns-is-layout-flex\">\n<div class=\"wp-block-column is-vertically-aligned-center is-layout-flow wp-block-column-is-layout-flow\" style=\"padding-top:var(--wp--preset--spacing--70);padding-bottom:var(--wp--preset--spacing--70);flex-basis:40%\">\n<h1 class=\"wp-block-heading has-text-align-left has-accent-3-color has-text-color has-link-color wp-elements-4b98df578cae0ec2a94c5854dd620ed4\" style=\"font-size:clamp(35.641px, 2.228rem + ((1vw - 3.2px) * 2.878), 65px);\">Mitmachen<\/h1>\n<\/div>\n\n\n\n<div class=\"wp-block-column is-vertically-aligned-bottom is-layout-flow wp-block-column-is-layout-flow\" style=\"flex-basis:60%\">\n<figure class=\"wp-block-image size-full titleImgSubPage\" style=\"margin-bottom:-10px\"><img loading=\"lazy\" decoding=\"async\" width=\"500\" height=\"460\" src=\"https:\/\/kassel-ebb.eu\/wp-content\/uploads\/2026\/04\/get-involved6.png\" alt=\"\" class=\"wp-image-6249\" style=\"object-fit:cover\" srcset=\"https:\/\/kassel-ebb.eu\/wp-content\/uploads\/2026\/04\/get-involved6.png 500w, https:\/\/kassel-ebb.eu\/wp-content\/uploads\/2026\/04\/get-involved6-300x276.png 300w\" sizes=\"auto, (max-width: 500px) 100vw, 500px\" \/><\/figure>\n<\/div>\n<\/div>\n<\/div>\n<\/div>\n\n\n\n<div style=\"height:61px\" aria-hidden=\"true\" class=\"wp-block-spacer\"><\/div>\n\n\n\n<p>F\u00fcr eine aktive europ\u00e4ische Zivilgesellschaft m\u00fcssen sich Menschen miteinander austauschen k\u00f6nnen. Eine solche aktive europ\u00e4ische Zivilgesellschaft muss au\u00dferdem best\u00e4ndig gepflegt werden.<\/p>\n\n\n\n<p>Unsere Europ\u00e4ische B\u00fcrgerbegegnung soll einen Rahmen f\u00fcr einen solchen kontinuierlichen und dauerhaften Austausch unter uns Europ\u00e4erinnen und Europ\u00e4ern schaffen. <\/p>\n\n\n\n<p style=\"font-style:normal;font-weight:700\">Wir freuen uns, wenn du dich daran aktiv beteiligen willst!<\/p>\n\n\n\n<div style=\"height:80px\" aria-hidden=\"true\" class=\"wp-block-spacer\"><\/div>\n\n\n\n<div class=\"wp-block-group alignfull has-background has-global-padding is-layout-constrained wp-block-group-is-layout-constrained\" style=\"background-color:#93a2c926;margin-top:0;padding-top:var(--wp--preset--spacing--60)\">\n<div class=\"wp-block-columns alignwide is-layout-flex wp-container-core-columns-is-layout-28f84493 wp-block-columns-is-layout-flex\">\n<div class=\"wp-block-column is-layout-flow wp-block-column-is-layout-flow\">\n<h2 class=\"wp-block-heading headStar\"><img loading=\"lazy\" decoding=\"async\" width=\"150\" height=\"111\" class=\"wp-image-7176\" style=\"width: 150px;\" src=\"https:\/\/kassel-ebb.eu\/wp-content\/uploads\/2026\/04\/stern-rot.png\" alt=\"\">Mitarbeit im Orga-Team<\/h2>\n\n\n\n<p class=\"has-base-background-color has-background\" style=\"padding-top:var(--wp--preset--spacing--20);padding-right:var(--wp--preset--spacing--20);padding-bottom:var(--wp--preset--spacing--20);padding-left:var(--wp--preset--spacing--20)\">Wir treffen uns alle zwei Wochen Dienstags um 19 Uhr online. <br>Bitte vorher eine Anmeldung an <a href=\"mailto:office@kassel-ebb.eu\">office@kassel-ebb.eu<\/a>!<\/p>\n<\/div>\n\n\n\n<div class=\"wp-block-column is-layout-flow wp-block-column-is-layout-flow\"><\/div>\n<\/div>\n\n\n\n<h3 class=\"wp-block-heading alignwide\" style=\"margin-top:var(--wp--preset--spacing--50)\">Wer sind wir, wie sind wir organisiert und wie arbeiten wir?<\/h3>\n\n\n\n<div class=\"wp-block-columns alignwide is-layout-flex wp-container-core-columns-is-layout-416bbe66 wp-block-columns-is-layout-flex\" style=\"margin-top:var(--wp--preset--spacing--30)\">\n<div class=\"wp-block-column is-layout-flow wp-block-column-is-layout-flow\">\n<p>Wir sind eine Gruppe ehrenamtlich engagierter Europ\u00e4er\/-innen aus und um Kassel, sozusagen aus \u201eder Mitte Europas\u201c.<\/p>\n\n\n\n<p>In unserem Organisationsteam planen, organisieren und koordinieren wir Vorhaben des Gesamtprojektes, die f\u00fcr die EBB relevant sind.<\/p>\n\n\n\n<p>Wir sind generations\u00fcbergreifend aufgestellt, sowohl Student\/-innen, Berufst\u00e4tige als auch Rentner\/-innen und Pension\u00e4r\/-innen bilden das Team.<\/p>\n<\/div>\n\n\n\n<div class=\"wp-block-column is-layout-flow wp-block-column-is-layout-flow\">\n<p>Um die Europ\u00e4ische B\u00fcrgerbegegnung zu planen, finden im 2-Wochen-Rhythmus Arbeitstreffen im Umfang von ca. 1,5 &#8211; 2 Stunden online statt. Vor der EBB auch mal \u00f6fter, danach setzten wir auch mal eine Woche aus. <\/p>\n\n\n\n<p><strong>Unsere Arbeitstreffen finden online statt. Melde dich bitte vorher unter <a href=\"mailto:office@kassel-ebb.eu\">office@kassel-ebb.eu<\/a> oder nutze das  <a href=\"#kontaktform\">Kontaktformular<\/a> weiter unten. <\/strong><\/p>\n\n\n\n<p class=\"has-medium-font-size\">Bitte beachte, dass bei der Kontaktaufnahme mit uns deine Daten gem\u00e4\u00df unserer <a href=\"https:\/\/kassel-ebb.eu\/de\/datenschutz\/?lang=de\" target=\"_blank\" rel=\"noreferrer noopener\">Datenschutzerkl\u00e4rung<\/a> verarbeitet werden.<\/p>\n<\/div>\n<\/div>\n<\/div>\n\n\n\n<div class=\"wp-block-group alignfull has-background has-global-padding is-layout-constrained wp-block-group-is-layout-constrained\" style=\"background-color:#93a2c926;margin-top:0;padding-bottom:var(--wp--preset--spacing--50)\">\n<div style=\"height:100px\" aria-hidden=\"true\" class=\"wp-block-spacer\"><\/div>\n\n\n\n<div class=\"wp-block-columns alignwide is-layout-flex wp-container-core-columns-is-layout-416bbe66 wp-block-columns-is-layout-flex\" style=\"margin-top:var(--wp--preset--spacing--30)\">\n<div class=\"wp-block-column is-layout-flow wp-block-column-is-layout-flow\">\n<h2 class=\"wp-block-heading headStar\"><img loading=\"lazy\" decoding=\"async\" width=\"150\" height=\"111\" class=\"wp-image-7176\" style=\"width: 150px;\" src=\"https:\/\/kassel-ebb.eu\/wp-content\/uploads\/2026\/04\/stern-rot.png\" alt=\"\"><a href=\"https:\/\/kassel-ebb.eu\/de\/workshops\/?lang=de\">Workshop anbieten<\/a><\/h2>\n\n\n\n<p class=\"has-accent-3-color has-text-color has-link-color wp-elements-23e27036c0d215c16bf7807f87a7e267\"><strong>Unser Motto 2026: Our Europe &#8211; United in Diversity<\/strong><\/p>\n\n\n\n<p>Wenn Du einen Workshop oder einen Vortrag im Rahmen unseres Programmes organisieren willst, kannst Du gerne eine E-Mail an <a href=\"mailto:office@kassel-ebb.eu\">office@kassel-ebb.eu<\/a> schreiben. Stell dich und deine Workshopidee kurz vor und wir gucken, ob sie ins Programm passt.<\/p>\n\n\n\n<p class=\"has-medium-font-size\">Bitte beachte, dass bei der Kontaktaufnahme mit uns deine Daten gem\u00e4\u00df unserer <a href=\"https:\/\/kassel-ebb.eu\/de\/datenschutz\/?lang=de\" target=\"_blank\" rel=\"noreferrer noopener\">Datenschutzerkl\u00e4rung<\/a> verarbeitet werden.<\/p>\n\n\n\n<div style=\"height:60px\" aria-hidden=\"true\" class=\"wp-block-spacer\"><\/div>\n<\/div>\n\n\n\n<div class=\"wp-block-column is-layout-flow wp-block-column-is-layout-flow\">\n<h2 class=\"wp-block-heading headStar\"><img loading=\"lazy\" decoding=\"async\" width=\"150\" height=\"111\" class=\"wp-image-7176\" style=\"width: 150px;\" src=\"https:\/\/kassel-ebb.eu\/wp-content\/uploads\/2026\/04\/stern-rot.png\" alt=\"\"><a href=\"https:\/\/kassel-ebb.eu\/de\/gastfamilie-werden\/?lang=de\">Gastfamilie werden<\/a><\/h2>\n\n\n\n<p>Au\u00dferdem suchen wir f\u00fcr die Unterbringung einiger Europ\u00e4er*innen Gastfamilien. Falls du Interesse hast, eine\/-n Europ\u00e4er\/-in bei dir aufzunehmen, schreibe uns doch eine E-Mail an <a href=\"mailto: office@kassel-ebb.eu\">office@kassel-ebb.eu<\/a> oder melde dich direkt \u00fcber unser <a href=\"https:\/\/lets-meet.org\/reg\/a8dbf4f96aefbc2e77\">Registrierungs-Formular bei LET&#8217;S MEET an.<\/a><\/p>\n\n\n\n<p class=\"has-medium-font-size\">Bitte beachte, dass bei der Kontaktaufnahme mit uns deine Daten gem\u00e4\u00df unserer <a href=\"https:\/\/kassel-ebb.eu\/de\/datenschutz\/?lang=de\" target=\"_blank\" rel=\"noreferrer noopener\">Datenschutzerkl\u00e4rung<\/a> verarbeitet werden.<\/p>\n<\/div>\n<\/div>\n<\/div>\n\n\n\n<div style=\"height:60px\" aria-hidden=\"true\" class=\"wp-block-spacer\"><\/div>\n\n\n\n<h2 class=\"wp-block-heading\" id=\"kontaktform\">Kontakt<\/h2>\n\n\n\n<div class=\"wpcf7 no-js\" id=\"wpcf7-f7066-o1\" lang=\"de-DE\" dir=\"ltr\" data-wpcf7-id=\"7066\">\n<div class=\"screen-reader-response\"><p role=\"status\" aria-live=\"polite\" aria-atomic=\"true\"><\/p> <ul><\/ul><\/div>\n<form action=\"\/de\/wp-json\/wp\/v2\/pages\/86#wpcf7-f7066-o1\" method=\"post\" class=\"wpcf7-form init\" aria-label=\"Kontaktformular\" novalidate=\"novalidate\" data-status=\"init\">\n<fieldset class=\"hidden-fields-container\"><input type=\"hidden\" name=\"_wpcf7\" value=\"7066\" \/><input type=\"hidden\" name=\"_wpcf7_version\" value=\"6.1.5\" \/><input type=\"hidden\" name=\"_wpcf7_locale\" value=\"de_DE\" \/><input type=\"hidden\" name=\"_wpcf7_unit_tag\" value=\"wpcf7-f7066-o1\" \/><input type=\"hidden\" name=\"_wpcf7_container_post\" value=\"0\" \/><input type=\"hidden\" name=\"_wpcf7_posted_data_hash\" value=\"\" \/><input type=\"hidden\" name=\"_wpcf7_recaptcha_response\" value=\"\" \/>\n<\/fieldset>\n<p><label> Dein Name (Pflichtfeld)<br \/>\n<span class=\"wpcf7-form-control-wrap\" data-name=\"your-name\"><input size=\"40\" maxlength=\"400\" class=\"wpcf7-form-control wpcf7-text wpcf7-validates-as-required\" aria-required=\"true\" aria-invalid=\"false\" value=\"\" type=\"text\" name=\"your-name\" \/><\/span> <\/label>\n<\/p>\n<p><label> Deine E-Mail (Pflichtfeld)<br \/>\n<span class=\"wpcf7-form-control-wrap\" data-name=\"your-email\"><input size=\"40\" maxlength=\"400\" class=\"wpcf7-form-control wpcf7-email wpcf7-validates-as-required wpcf7-text wpcf7-validates-as-email\" aria-required=\"true\" aria-invalid=\"false\" value=\"\" type=\"email\" name=\"your-email\" \/><\/span> <\/label>\n<\/p>\n<p><label> Betreff (Pflichtfeld)<br \/>\n<span class=\"wpcf7-form-control-wrap\" data-name=\"select-theme\"><select class=\"wpcf7-form-control wpcf7-select wpcf7-validates-as-required cf7Dd\" aria-required=\"true\" aria-invalid=\"false\" name=\"select-theme\"><option value=\"\">Allgemein<\/option><option value=\"Im Orga-Team mitmachen\">Im Orga-Team mitmachen<\/option><option value=\"Einen Workshop anbieten\">Einen Workshop anbieten<\/option><option value=\"Gastfamilie werden\">Gastfamilie werden<\/option><option value=\"\u00dcbersetzung\/Sprachmittlung anbieten\">\u00dcbersetzung\/Sprachmittlung anbieten<\/option><option value=\"Anderes\">Anderes<\/option><\/select><\/span> <\/label>\n<\/p>\n<p><label> Deine Nachricht<br \/>\n<span class=\"wpcf7-form-control-wrap\" data-name=\"your-message\"><textarea cols=\"40\" rows=\"10\" maxlength=\"2000\" class=\"wpcf7-form-control wpcf7-textarea\" aria-invalid=\"false\" name=\"your-message\"><\/textarea><\/span> <\/label>\n<\/p>\n<p><span class=\"wpcf7-form-control-wrap\" data-name=\"EinwilligungindieDatenschutzerklrung\"><span class=\"wpcf7-form-control wpcf7-acceptance\"><span class=\"wpcf7-list-item\"><label><input type=\"checkbox\" name=\"EinwilligungindieDatenschutzerklrung\" value=\"1\" aria-invalid=\"false\" \/><span class=\"wpcf7-list-item-label\">Bitte beachte: deine Daten werden gem\u00e4\u00df unserer <a target=\"_blank\" href=\"https:\/\/kassel-ebb.eu\/?page_id=111&lang=de\">Datenschutzerkl\u00e4rung<\/a> verwendet. Bitte best\u00e4tige dein Einverst\u00e4ndnis, indem du das K\u00e4stchen anhakst.<\/span><\/label><\/span><\/span><\/span>\n<\/p>\n<p><input class=\"wpcf7-form-control wpcf7-submit has-spinner\" type=\"submit\" value=\"Absenden\" \/>\n<\/p><div class=\"wpcf7-response-output\" aria-hidden=\"true\"><\/div>\n<\/form>\n<\/div>\n\n\n\n\n<div style=\"height:100px\" aria-hidden=\"true\" class=\"wp-block-spacer\"><\/div>\n","protected":false},"excerpt":{"rendered":"<p>Mitmachen F\u00fcr eine aktive europ\u00e4ische Zivilgesellschaft m\u00fcssen sich Menschen miteinander austauschen k\u00f6nnen. Eine solche aktive europ\u00e4ische Zivilgesellschaft muss au\u00dferdem best\u00e4ndig gepflegt werden. Unsere Europ\u00e4ische B\u00fcrgerbegegnung soll einen Rahmen f\u00fcr einen solchen kontinuierlichen und dauerhaften Austausch unter uns Europ\u00e4erinnen und Europ\u00e4ern schaffen. Wir freuen uns, wenn du dich daran aktiv beteiligen willst! Mitarbeit im Orga-Team Wir [&hellip;]<\/p>\n","protected":false},"author":1,"featured_media":0,"parent":0,"menu_order":0,"comment_status":"closed","ping_status":"closed","template":"page-no-title","meta":{"_mc_calendar":[],"footnotes":""},"class_list":["post-86","page","type-page","status-publish","hentry"],"_links":{"self":[{"href":"https:\/\/kassel-ebb.eu\/de\/wp-json\/wp\/v2\/pages\/86","targetHints":{"allow":["GET"]}}],"collection":[{"href":"https:\/\/kassel-ebb.eu\/de\/wp-json\/wp\/v2\/pages"}],"about":[{"href":"https:\/\/kassel-ebb.eu\/de\/wp-json\/wp\/v2\/types\/page"}],"author":[{"embeddable":true,"href":"https:\/\/kassel-ebb.eu\/de\/wp-json\/wp\/v2\/users\/1"}],"replies":[{"embeddable":true,"href":"https:\/\/kassel-ebb.eu\/de\/wp-json\/wp\/v2\/comments?post=86"}],"version-history":[{"count":0,"href":"https:\/\/kassel-ebb.eu\/de\/wp-json\/wp\/v2\/pages\/86\/revisions"}],"wp:attachment":[{"href":"https:\/\/kassel-ebb.eu\/de\/wp-json\/wp\/v2\/media?parent=86"}],"curies":[{"name":"wp","href":"https:\/\/api.w.org\/{rel}","templated":true}]}}