{"id":422,"date":"2019-10-31T16:03:58","date_gmt":"2019-10-31T14:03:58","guid":{"rendered":"https:\/\/dev-eb2.abraxis-kassel.de\/?page_id=422"},"modified":"2026-09-02T18:38:21","modified_gmt":"2026-09-02T16:38:21","slug":"workshops","status":"publish","type":"page","link":"https:\/\/kassel-ebb.eu\/de\/workshops\/","title":{"rendered":"Workshops\/Aktivit\u00e4ten"},"content":{"rendered":"\n<div class=\"wp-block-group alignfull has-accent-2-color has-text-color has-link-color wp-elements-1 has-global-padding is-layout-constrained wp-block-group-is-layout-constrained\" style=\"padding-bottom:0\">\n<div class=\"wp-block-group alignfull has-accent-1-background-color has-background has-global-padding is-layout-constrained wp-block-group-is-layout-constrained\" style=\"padding-top:var(--wp--preset--spacing--40);padding-bottom:0\">\n<div class=\"wp-block-columns alignwide is-layout-flex wp-container-core-columns-is-layout-794e3cfa wp-block-columns-is-layout-flex\">\n<div class=\"wp-block-column is-vertically-aligned-center is-layout-flow wp-block-column-is-layout-flow\" style=\"flex-basis:40%\">\n<h1 class=\"wp-block-heading has-text-align-left has-accent-3-color has-text-color has-link-color wp-elements-2\" style=\"font-size:clamp(35.641px, 2.228rem + ((1vw - 3.2px) * 2.878), 65px);\">Workshops\/ Aktivit\u00e4ten<\/h1>\n<\/div>\n\n\n\n<div class=\"wp-block-column is-vertically-aligned-bottom is-layout-flow wp-block-column-is-layout-flow\" style=\"flex-basis:60%\">\n<figure class=\"wp-block-image size-full titleImgSubPage\"><img loading=\"lazy\" decoding=\"async\" width=\"900\" height=\"631\" src=\"https:\/\/kassel-ebb.eu\/wp-content\/uploads\/2026\/04\/haende-mit-flaggen-web-opt.png\" alt=\"\" class=\"wp-image-5725\" style=\"object-fit:cover\" srcset=\"https:\/\/kassel-ebb.eu\/wp-content\/uploads\/2026\/04\/haende-mit-flaggen-web-opt.png 900w, https:\/\/kassel-ebb.eu\/wp-content\/uploads\/2026\/04\/haende-mit-flaggen-web-opt-300x210.png 300w, https:\/\/kassel-ebb.eu\/wp-content\/uploads\/2026\/04\/haende-mit-flaggen-web-opt-768x538.png 768w\" sizes=\"auto, (max-width: 900px) 100vw, 900px\" \/><\/figure>\n<\/div>\n<\/div>\n<\/div>\n<\/div>\n\n\n\n<div style=\"height:60px\" aria-hidden=\"true\" class=\"wp-block-spacer\"><\/div>\n\n\n\n<p class=\"wp-block-paragraph\">Die Anmeldung f\u00fcr die Workshops\/Aktivit\u00e4ten ist ab August 2026 m\u00f6glich. <a href=\"https:\/\/kassel-ebb.eu\/de\/anmeldung\/?lang=de\" data-type=\"page\" data-id=\"561\">Zur EBB kannst Du dich jetzt schon anmelden! <\/a><\/p>\n\n\n\n<p class=\"wp-block-paragraph\">Wir Europ\u00e4er:innen m\u00f6chten uns themenbezogen begegnen. Aus diesem Grund stehen die Workshops und Aktivit\u00e4ten im Mittelpunkt des EBB. Jeder Workshop soll etwa 10\u201320 Teilnehmer:innen aus mindestens zwei europ\u00e4ischen L\u00e4ndern umfassen und sich auf ein bestimmtes Thema konzentrieren.<\/p>\n\n\n\n<p class=\"wp-block-paragraph\">2026 m\u00f6chten wir etwas Neues ausprobieren. Es gibt nun zwei Arten von Workshops: solche am Freitag und Samstagvormittag, die ein breites Verst\u00e4ndnis f\u00fcr ein Thema des diesj\u00e4hrigen Mottos (<strong>United in Diversity<\/strong>) bieten, und solche am Samstagnachmittag, die vielleicht einfach ein sch\u00f6ner Stadtrundgang zu interessanten Orten sind.<\/p>\n\n\n\n<p class=\"wp-block-paragraph\"><strong>Ihr k\u00f6nnt euch zwei Workshops aussuchen: Einen am Freitag und einen am Samstagnachmittag<\/strong><\/p>\n\n\n\n<p class=\"wp-block-paragraph\">Die Workshops werden von einer Workshop-Leitung oder einem Leitungsteam angeboten, vorbereitet, organisiert und durchgef\u00fchrt. Meistens sind dies Ehrenamtliche, die ihre Leidenschaft mit uns teilen m\u00f6chten.<\/p>\n\n\n\n<p class=\"wp-block-paragraph\"><strong>Liste der Workshops Freitag, 10 Uhr, bis Samstag, 14 Uhr. Sucht euch hier einen aus:<\/strong><\/p>\n\n\n\n<div class=\"wp-block-group is-layout-flow wp-block-group-is-layout-flow\">\n<ul class=\"wp-block-list\">\n<li><a href=\"https:\/\/kassel-ebb.eu\/de\/kulturelle-mehrfachzugehoerigkeiten-als-ressource\/\" data-type=\"page\" data-id=\"7432\">Kulturelle Mehrfachzugeh\u00f6rigkeit als Ressource<\/a><\/li>\n\n\n\n<li><a href=\"https:\/\/kassel-ebb.eu\/de\/flucht-migration-und-integration\/\" data-type=\"page\" data-id=\"7488\">Flucht, Migration und Integration<\/a><\/li>\n\n\n\n<li><a href=\"https:\/\/kassel-ebb.eu\/de\/bevoelkerungsschutz-in-deutschland-zustand-und-zukunft-erkunden-auf-einem-zivilschutzspaziergang-am-rothenberg\/\" data-type=\"page\" data-id=\"7481\">Zivilschutzspaziergang um den Rothenberg<\/a><\/li>\n\n\n\n<li><a href=\"https:\/\/kassel-ebb.eu\/de\/sterben-in-europa-der-tod-und-die-kunst\/?lang=de\" data-type=\"page\" data-id=\"5608\">Sterben in Europa &#8211; der Tod und die Kunst<\/a><\/li>\n\n\n\n<li><a href=\"https:\/\/kassel-ebb.eu\/de\/planspiel-gesetzgebungsverfahren-in-der-eu\/\" data-type=\"page\" data-id=\"7499\">Planspiel: Wie werden EU-Gesetze verabschiedet?<\/a><\/li>\n\n\n\n<li><a href=\"https:\/\/kassel-ebb.eu\/de\/do-it-together-lab\/\" data-type=\"page\" data-id=\"7508\">do-it-TOGETHER-lab<\/a><\/li>\n\n\n\n<li><a href=\"https:\/\/kassel-ebb.eu\/de\/let-diversity-speak-esperanto-in-europa\/\" data-type=\"page\" data-id=\"7664\">Esperanto in Europa<\/a><\/li>\n<\/ul>\n\n\n\n<hr class=\"wp-block-separator has-alpha-channel-opacity\"\/>\n<\/div>\n\n\n\n<p class=\"wp-block-paragraph\"><strong>Workshops\/Aktivit\u00e4ten am Samstagnachmittag (nach 14 Uhr). Hier k\u00f6nnt ihr mehrere w\u00e4hlen, wenn es zeitlich passt:<\/strong><\/p>\n\n\n\n<ul class=\"wp-block-list\">\n<li>14:00: <a href=\"https:\/\/kassel-ebb.eu\/de\/stadtrundgang\/\">Stadtrundgang<\/a><\/li>\n\n\n\n<li>14:00: <a href=\"https:\/\/kassel-ebb.eu\/de\/menschlich-in-unmenschlichen-zeiten\/\" data-type=\"page\" data-id=\"7627\">&#8222;Menschlich in Unmenschlichen Zeiten&#8220; &#8211; F\u00fchrung im Kolpinghaus<\/a><\/li>\n\n\n\n<li>14:30: <a href=\"https:\/\/kassel-ebb.eu\/de\/besuch-der-kriegsgraeberstaette-keilsberg\/\" data-type=\"page\" data-id=\"7600\">Besuch der Kriegsgr\u00e4berst\u00e4dte Keilsberg<\/a><\/li>\n\n\n\n<li>16:30: <a href=\"https:\/\/kassel-ebb.eu\/de\/wie-die-eu-gegen-falschinformationen-vorgeht-und-warum-die-usa-mitreden-wollen\/\" data-type=\"page\" data-id=\"7440\">Wie die EU gegen Falschinformationen vorgeht \u2013 und warum die USA mitreden wollen<\/a><\/li>\n\n\n\n<li>17:00: <a href=\"https:\/\/kassel-ebb.eu\/de\/stadtrundgang\/\">Stadtrundgang<\/a><\/li>\n<\/ul>\n\n\n\n<p class=\"wp-block-paragraph\"><strong>Programideen f\u00fcr Sonntag(Vorschl\u00e4ge, es ist nicht alles von uns organisiert):<\/strong><\/p>\n\n\n\n<p class=\"wp-block-paragraph\">11:00: <a href=\"https:\/\/www.st-elisabeth-kassel.de\/b\/messfeier-am-sonntag-42344257?utm_medium=Widgets\" target=\"_blank\" rel=\"noopener\">Europagottesdienst am Kirchort St. Josef<\/a><\/p>\n\n\n\n<p class=\"wp-block-paragraph\">12:30: <a href=\"https:\/\/kassel-ebb.eu\/de\/film-pamfir\/\" data-type=\"page\" data-id=\"7634\">Film &#8222;Pamfir&#8220; im Bali Kino Kassel &#8211; Eintritt frei<\/a><\/p>\n\n\n\n<p class=\"wp-block-paragraph\">14:30: <a href=\"https:\/\/www.kassel.de\/buerger\/kunst_und_kultur\/parks_und_gaerten\/wilhelmshoehe\/wasserspiele.php\" target=\"_blank\" rel=\"noopener\">Wasserspiele im Welterbe Bergpark Kassel<\/a><\/p>\n\n\n\n<p class=\"wp-block-paragraph\"><\/p>\n","protected":false},"excerpt":{"rendered":"<p>Workshops\/ Aktivit\u00e4ten Die Anmeldung f\u00fcr die Workshops\/Aktivit\u00e4ten ist ab August 2026 m\u00f6glich. Zur EBB kannst Du dich jetzt schon anmelden! Wir Europ\u00e4er:innen m\u00f6chten uns themenbezogen begegnen. Aus diesem Grund stehen die Workshops und Aktivit\u00e4ten im Mittelpunkt des EBB. Jeder Workshop soll etwa 10\u201320 Teilnehmer:innen aus mindestens zwei europ\u00e4ischen L\u00e4ndern umfassen und sich auf ein bestimmtes [&hellip;]<\/p>\n","protected":false},"author":2,"featured_media":0,"parent":0,"menu_order":0,"comment_status":"closed","ping_status":"closed","template":"page-no-title","meta":{"_mc_calendar":[],"footnotes":""},"class_list":["post-422","page","type-page","status-publish","hentry"],"_links":{"self":[{"href":"https:\/\/kassel-ebb.eu\/de\/wp-json\/wp\/v2\/pages\/422","targetHints":{"allow":["GET"]}}],"collection":[{"href":"https:\/\/kassel-ebb.eu\/de\/wp-json\/wp\/v2\/pages"}],"about":[{"href":"https:\/\/kassel-ebb.eu\/de\/wp-json\/wp\/v2\/types\/page"}],"author":[{"embeddable":true,"href":"https:\/\/kassel-ebb.eu\/de\/wp-json\/wp\/v2\/users\/2"}],"replies":[{"embeddable":true,"href":"https:\/\/kassel-ebb.eu\/de\/wp-json\/wp\/v2\/comments?post=422"}],"version-history":[{"count":25,"href":"https:\/\/kassel-ebb.eu\/de\/wp-json\/wp\/v2\/pages\/422\/revisions"}],"predecessor-version":[{"id":7666,"href":"https:\/\/kassel-ebb.eu\/de\/wp-json\/wp\/v2\/pages\/422\/revisions\/7666"}],"wp:attachment":[{"href":"https:\/\/kassel-ebb.eu\/de\/wp-json\/wp\/v2\/media?parent=422"}],"curies":[{"name":"wp","href":"https:\/\/api.w.org\/{rel}","templated":true}]}}