{"id":266,"date":"2019-10-16T10:33:19","date_gmt":"2019-10-16T08:33:19","guid":{"rendered":"https:\/\/dev-eb2.abraxis-kassel.de\/?page_id=266"},"modified":"2026-04-30T17:09:08","modified_gmt":"2026-04-30T15:09:08","slug":"ebb-2018","status":"publish","type":"page","link":"https:\/\/kassel-ebb.eu\/de\/ebb-2018\/","title":{"rendered":"Die 1. Europ\u00e4ische B\u00fcrgerbegegnung 2018"},"content":{"rendered":"\n<div class=\"wp-block-group alignfull has-accent-2-color has-text-color has-link-color wp-elements-d73c60b46ee9132cb52224f10195fe1e has-global-padding is-layout-constrained wp-block-group-is-layout-constrained\" style=\"padding-bottom:0\">\n<div class=\"wp-block-group alignfull has-accent-1-background-color has-background has-global-padding is-layout-constrained wp-block-group-is-layout-constrained\" style=\"padding-top:var(--wp--preset--spacing--40);padding-bottom:0\">\n<div class=\"wp-block-columns alignwide is-layout-flex wp-container-core-columns-is-layout-28f84493 wp-block-columns-is-layout-flex\">\n<div class=\"wp-block-column is-vertically-aligned-center is-layout-flow wp-block-column-is-layout-flow\" style=\"flex-basis:40%\">\n<h1 class=\"wp-block-heading has-text-align-left has-accent-3-color has-text-color has-link-color wp-elements-5250badae56337519fe7203c90768236\" style=\"font-size:clamp(28.836px, 1.802rem + ((1vw - 3.2px) * 2.075), 50px);\">Die <mark style=\"background-color:rgba(0, 0, 0, 0)\" class=\"has-inline-color has-accent-4-color\">1.<\/mark> Europ\u00e4ische B\u00fcrger-Begegnung 2018<\/h1>\n<\/div>\n\n\n\n<div class=\"wp-block-column is-vertically-aligned-bottom is-layout-flow wp-block-column-is-layout-flow\" style=\"flex-basis:60%\">\n<figure class=\"wp-block-image size-full titleImgSubPage\"><img loading=\"lazy\" decoding=\"async\" width=\"382\" height=\"287\" src=\"https:\/\/kassel-ebb.eu\/wp-content\/uploads\/2026\/04\/2018-bild-3_1-edited-2.png\" alt=\"\" class=\"wp-image-5957\" style=\"aspect-ratio:4\/3;object-fit:cover\" srcset=\"https:\/\/kassel-ebb.eu\/wp-content\/uploads\/2026\/04\/2018-bild-3_1-edited-2.png 382w, https:\/\/kassel-ebb.eu\/wp-content\/uploads\/2026\/04\/2018-bild-3_1-edited-2-300x225.png 300w\" sizes=\"auto, (max-width: 382px) 100vw, 382px\" \/><\/figure>\n<\/div>\n<\/div>\n<\/div>\n<\/div>\n\n\n\n<div style=\"height:70px\" aria-hidden=\"true\" class=\"wp-block-spacer\"><\/div>\n\n\n\n<div class=\"wp-block-columns alignwide is-layout-flex wp-container-core-columns-is-layout-87beb0d0 wp-block-columns-is-layout-flex\">\n<div class=\"wp-block-column is-vertically-aligned-stretch has-base-color has-accent-4-background-color has-text-color has-background has-link-color wp-elements-1f9bd000c73fb0dbed26a8836c4799ab is-layout-flow wp-block-column-is-layout-flow\" style=\"padding-top:0;padding-right:0;padding-bottom:0;padding-left:0;flex-basis:6em\">\n<h2 class=\"wp-block-heading has-text-align-center has-base-color has-text-color has-link-color has-large-font-size wp-elements-4bf2d1bcd3c1f73a097fd361d2da1e87\" style=\"padding-top:var(--wp--preset--spacing--40);padding-right:var(--wp--preset--spacing--30);padding-bottom:var(--wp--preset--spacing--40);padding-left:var(--wp--preset--spacing--30)\">Videos :<\/h2>\n<\/div>\n\n\n\n<div class=\"wp-block-column is-vertically-aligned-center is-layout-flow wp-block-column-is-layout-flow\" style=\"padding-top:0;padding-bottom:0;flex-basis:66.66%\">\n<p>Das Medienprojektzentrum Offener Kanal Kassel begleitete die 1.&nbsp; Europ\u00e4ische B\u00fcrgerbegegnung im November 2018 und berichtete \u00fcber <a href=\"https:\/\/www.mediathek-hessen.de\/medienview_18927_Eva-Weddig-OK-Kassel-Europ%C3%A4ische-Begegegnungswoche-2018--Die-Er%C3%B6ffnungsfeier.html\" target=\"_blank\" rel=\"noreferrer noopener\">die Er\u00f6ffnungsfeier<\/a>, die <a href=\"https:\/\/www.mediathek-hessen.de\/medienview_18951_Daniel-Hellwig-OK-Kassel-Europ%C3%A4ische-Begegnungswoche-2018--Die-Pulse-of-Europe-Kundgebung.html\" target=\"_blank\" rel=\"noreferrer noopener\"><em>Pulse of Europe<\/em>-Kundgebung<\/a> sowie aus dem Workshop <em><a aria-label=\" (opens in a new tab)\" href=\"https:\/\/www.mediathek-hessen.de\/medienview_18976_Daniel-Hellwig-OK-Kassel-Europ%C3%A4ische-Begegnungswoche-2018--Workshops-zum-Geschichtsbewusstsein.html\" target=\"_blank\" rel=\"noreferrer noopener\">Europ\u00e4isches Geschichtsbewusstsein<\/a><\/em>.<\/p>\n<\/div>\n<\/div>\n\n\n\n<p><\/p>\n\n\n\n<p>Weitere Informationen zur EBB 2018 finden Sie auch auf den Seiten der Europa-Union Kassel.<\/p>\n\n\n\n<div style=\"height:80px\" aria-hidden=\"true\" class=\"wp-block-spacer\"><\/div>\n\n\n\n<div class=\"wp-block-group alignwide is-layout-flow wp-block-group-is-layout-flow\">\n<h2 class=\"wp-block-heading alignwide\">Reminiszenzen an die 1. Europ\u00e4ische B\u00fcrgerbegegnung in Kassel <\/h2>\n\n\n\n<p class=\"has-text-color has-small-font-size\" style=\"color:#484848\"><em>von Hannelore Freudenberg<\/em><\/p>\n<\/div>\n\n\n\n<p>Sogar Petrus, der bekanntlich das Wetter macht , l\u00e4chelte freundlich. Bei ruhigem sonnigem, wenngleich k\u00fchlem Wetter fand sie statt: <strong>Die erste Europ\u00e4ische B\u00fcrgerbegegnung in Kassel im November 2018 von Donnerstagabend bis Sonntagmittag.<\/strong><\/p>\n\n\n\n<p>Etwa 150 Europ\u00e4er aus 8 europ\u00e4ischen L\u00e4ndern nahmen teil an der festlichen abendlichen Er\u00f6ffnungsveranstaltung in der Friedenskirche.<\/p>\n\n\n\n<div class=\"wp-block-group alignwide has-global-padding is-layout-constrained wp-block-group-is-layout-constrained\">\n<figure class=\"wp-block-image alignleft is-resized\"><img loading=\"lazy\" decoding=\"async\" width=\"370\" height=\"246\" src=\"https:\/\/kassel-ebb.eu\/wp-content\/uploads\/2019\/08\/Bild-1.jpg\" alt=\"\" class=\"wp-image-269\" srcset=\"https:\/\/kassel-ebb.eu\/wp-content\/uploads\/2019\/08\/Bild-1.jpg 370w, https:\/\/kassel-ebb.eu\/wp-content\/uploads\/2019\/08\/Bild-1-300x199.jpg 300w\" sizes=\"auto, (max-width: 370px) 100vw, 370px\" \/><figcaption class=\"wp-element-caption\">Der Posaunenchor spielte, der Kinderchor sang (\u00e4u\u00dferst passend : Schenk uns Frieden!)<\/figcaption><\/figure>\n\n\n\n<p>Richtige Stimmung kam auf, als ein Text zur Europahymne (eigentlich \u201e Freude, sch\u00f6ner G\u00f6tterfunken usw. usw.) in 5 verschiedenen Sprachen, jedoch melodisch gemeinsam, gesungen wurde, irgendwie. <\/p>\n\n\n\n<figure class=\"wp-block-image alignright size-full\"><img decoding=\"async\" src=\"https:\/\/kassel-ebb.eu\/wp-content\/uploads\/2019\/08\/Bild-2.jpg\" alt=\"\" class=\"wp-image-6824\"\/><\/figure>\n\n\n\n<p>Ansprachen wurden gehalten und ehrenamtlich \u00fcbersetzt ins Polnische, Franz\u00f6sische und Englische , und &#8211;  zack! &#8211; wurde sehr deutlich, wie m\u00fchsam unser Europa doch ist. Kurze Gru\u00dfbotschaften dauerten lange, wieso brauchen die Polen und Franzosen daf\u00fcr nur so viele W\u00f6rter? M\u00fchsam aber stimmungsvoll war es.  <\/p>\n<\/div>\n\n\n\n<p>Immer wieder das Sprachproblem, auf welche Sprache einigen wir uns, wenn mehrere unterschiedliche Sprachen anwesend sind. Polnisch, so lernten wir, ist eine \u00e4u\u00dferst schwierige Sprache, so dass Polen mit gro\u00dfer Leichtigkeit andere europ\u00e4ische Sprachen wie englisch- deutsch franz\u00f6sisch erlernen k\u00f6nnen und es gerne tun. Franzosen hingegen, so sagten die Franzosen, lieben ihre Sprache so sehr, dass sie ungern und selten sich in anderen Sprachen ausdr\u00fccken.<\/p>\n\n\n\n<div class=\"wp-block-group alignwide has-global-padding is-layout-constrained wp-block-group-is-layout-constrained\">\n<figure data-wp-context=\"{&quot;imageId&quot;:&quot;69f509843ff8b&quot;}\" data-wp-interactive=\"core\/image\" data-wp-key=\"69f509843ff8b\" class=\"wp-block-image alignleft is-resized wp-lightbox-container\"><img loading=\"lazy\" decoding=\"async\" width=\"612\" height=\"816\" data-wp-class--hide=\"state.isContentHidden\" data-wp-class--show=\"state.isContentVisible\" data-wp-init=\"callbacks.setButtonStyles\" data-wp-on--click=\"actions.showLightbox\" data-wp-on--load=\"callbacks.setButtonStyles\" data-wp-on-window--resize=\"callbacks.setButtonStyles\" src=\"https:\/\/kassel-ebb.eu\/wp-content\/uploads\/2019\/08\/Bild-3.png\" alt=\"\" class=\"wp-image-271\" style=\"width:300px\" srcset=\"https:\/\/kassel-ebb.eu\/wp-content\/uploads\/2019\/08\/Bild-3.png 612w, https:\/\/kassel-ebb.eu\/wp-content\/uploads\/2019\/08\/Bild-3-225x300.png 225w\" sizes=\"auto, (max-width: 612px) 100vw, 612px\" \/><button\n\t\t\tclass=\"lightbox-trigger\"\n\t\t\ttype=\"button\"\n\t\t\taria-haspopup=\"dialog\"\n\t\t\taria-label=\"Vergr\u00f6\u00dfern\"\n\t\t\tdata-wp-init=\"callbacks.initTriggerButton\"\n\t\t\tdata-wp-on--click=\"actions.showLightbox\"\n\t\t\tdata-wp-style--right=\"state.imageButtonRight\"\n\t\t\tdata-wp-style--top=\"state.imageButtonTop\"\n\t\t>\n\t\t\t<svg xmlns=\"http:\/\/www.w3.org\/2000\/svg\" width=\"12\" height=\"12\" fill=\"none\" viewBox=\"0 0 12 12\">\n\t\t\t\t<path fill=\"#fff\" d=\"M2 0a2 2 0 0 0-2 2v2h1.5V2a.5.5 0 0 1 .5-.5h2V0H2Zm2 10.5H2a.5.5 0 0 1-.5-.5V8H0v2a2 2 0 0 0 2 2h2v-1.5ZM8 12v-1.5h2a.5.5 0 0 0 .5-.5V8H12v2a2 2 0 0 1-2 2H8Zm2-12a2 2 0 0 1 2 2v2h-1.5V2a.5.5 0 0 0-.5-.5H8V0h2Z\" \/>\n\t\t\t<\/svg>\n\t\t<\/button><figcaption class=\"wp-element-caption\">Prinzessin Europa Arm in Arm mit Gro\u00dfbritannien.<\/figcaption><\/figure>\n\n\n\n<p>Den grandiosen Abschluss der B\u00fcrgerbegegnung bildete am Samstagnachmittag die pro-europ\u00e4ische Demo beginnend auf dem Scheidemann Platz endend an der Rathaustreppe,  mit \u201ePrinzessin Europa\u201c voran auf Rollschuhen, gefolgt von Trommlern und der \u201eAll \u2013 Nations \u2013 Flag\u201c\u201c, gen\u00e4ht aus den 28 nationalen Flaggen der EU  <\/p>\n\n\n\n<p>Mit Banner und Transparenten der Teilnehmer und ihren vielf\u00e4ltigen W\u00fcnschen an Europa.<\/p>\n\n\n\n<p>Singende und gesprochene (deutsch \/ englisch) Gr\u00fc\u00dfe wurden gesendet. Die Akkordeonspielerin half, die richtigen T\u00f6ne der Lieder zu finden und zu halten, blaue Luftballons stiegen in den Himmel, die Wintersonne verschwand, es wurde verdammt kalt.<\/p>\n<\/div>\n\n\n\n<figure class=\"wp-block-gallery aligncenter has-nested-images columns-default is-cropped wp-block-gallery-1 is-layout-flex wp-block-gallery-is-layout-flex\">\n<figure class=\"wp-block-image size-large\"><img loading=\"lazy\" decoding=\"async\" width=\"178\" height=\"178\" data-id=\"272\" src=\"https:\/\/kassel-ebb.eu\/wp-content\/uploads\/2019\/08\/Bild-4.jpg\" alt=\"\" class=\"wp-image-272\" srcset=\"https:\/\/kassel-ebb.eu\/wp-content\/uploads\/2019\/08\/Bild-4.jpg 178w, https:\/\/kassel-ebb.eu\/wp-content\/uploads\/2019\/08\/Bild-4-150x150.jpg 150w\" sizes=\"auto, (max-width: 178px) 100vw, 178px\" \/><\/figure>\n\n\n\n<figure class=\"wp-block-image size-large\"><img loading=\"lazy\" decoding=\"async\" width=\"178\" height=\"178\" data-id=\"273\" src=\"https:\/\/kassel-ebb.eu\/wp-content\/uploads\/2019\/08\/Bild-5.jpg\" alt=\"\" class=\"wp-image-273\" srcset=\"https:\/\/kassel-ebb.eu\/wp-content\/uploads\/2019\/08\/Bild-5.jpg 178w, https:\/\/kassel-ebb.eu\/wp-content\/uploads\/2019\/08\/Bild-5-150x150.jpg 150w\" sizes=\"auto, (max-width: 178px) 100vw, 178px\" \/><\/figure>\n\n\n\n<figure class=\"wp-block-image size-large\"><img loading=\"lazy\" decoding=\"async\" width=\"178\" height=\"178\" data-id=\"274\" src=\"https:\/\/kassel-ebb.eu\/wp-content\/uploads\/2019\/08\/Bild-6.jpg\" alt=\"\" class=\"wp-image-274\" srcset=\"https:\/\/kassel-ebb.eu\/wp-content\/uploads\/2019\/08\/Bild-6.jpg 178w, https:\/\/kassel-ebb.eu\/wp-content\/uploads\/2019\/08\/Bild-6-150x150.jpg 150w\" sizes=\"auto, (max-width: 178px) 100vw, 178px\" \/><\/figure>\n<\/figure>\n\n\n\n<p>Aber um 19:30 Uhr stieg im Stadtteilzentrum die \u201eEuropaparty\u201c mit Disko Musik und Disko Stimmung, sodass Allen wieder warm wurde. Und auf der Tanzfl\u00e4che, wo Jung und Alt , Ost und West, Schwarz und Wei\u00df sich bis Mitternacht begegneten, gab es keinerlei Sprachprobleme mehr.<\/p>\n\n\n\n<hr class=\"wp-block-separator has-css-opacity\"\/>\n\n\n\n<h3 class=\"wp-block-heading\">Workshops<\/h3>\n\n\n\n<figure class=\"wp-block-image\"><img loading=\"lazy\" decoding=\"async\" width=\"1015\" height=\"1018\" src=\"https:\/\/kassel-ebb.eu\/wp-content\/uploads\/2019\/09\/ws_2018.png\" alt=\"\" class=\"wp-image-299\" srcset=\"https:\/\/kassel-ebb.eu\/wp-content\/uploads\/2019\/09\/ws_2018.png 1015w, https:\/\/kassel-ebb.eu\/wp-content\/uploads\/2019\/09\/ws_2018-150x150.png 150w, https:\/\/kassel-ebb.eu\/wp-content\/uploads\/2019\/09\/ws_2018-300x300.png 300w, https:\/\/kassel-ebb.eu\/wp-content\/uploads\/2019\/09\/ws_2018-768x770.png 768w\" sizes=\"auto, (max-width: 1015px) 100vw, 1015px\" \/><\/figure>\n","protected":false},"excerpt":{"rendered":"<p>Die 1. Europ\u00e4ische B\u00fcrger-Begegnung 2018 Videos : Das Medienprojektzentrum Offener Kanal Kassel begleitete die 1.&nbsp; Europ\u00e4ische B\u00fcrgerbegegnung im November 2018 und berichtete \u00fcber die Er\u00f6ffnungsfeier, die Pulse of Europe-Kundgebung sowie aus dem Workshop Europ\u00e4isches Geschichtsbewusstsein. Weitere Informationen zur EBB 2018 finden Sie auch auf den Seiten der Europa-Union Kassel. Reminiszenzen an die 1. Europ\u00e4ische B\u00fcrgerbegegnung [&hellip;]<\/p>\n","protected":false},"author":1,"featured_media":0,"parent":0,"menu_order":0,"comment_status":"closed","ping_status":"closed","template":"page-no-title","meta":{"_mc_calendar":[],"footnotes":""},"class_list":["post-266","page","type-page","status-publish","hentry"],"_links":{"self":[{"href":"https:\/\/kassel-ebb.eu\/de\/wp-json\/wp\/v2\/pages\/266","targetHints":{"allow":["GET"]}}],"collection":[{"href":"https:\/\/kassel-ebb.eu\/de\/wp-json\/wp\/v2\/pages"}],"about":[{"href":"https:\/\/kassel-ebb.eu\/de\/wp-json\/wp\/v2\/types\/page"}],"author":[{"embeddable":true,"href":"https:\/\/kassel-ebb.eu\/de\/wp-json\/wp\/v2\/users\/1"}],"replies":[{"embeddable":true,"href":"https:\/\/kassel-ebb.eu\/de\/wp-json\/wp\/v2\/comments?post=266"}],"version-history":[{"count":0,"href":"https:\/\/kassel-ebb.eu\/de\/wp-json\/wp\/v2\/pages\/266\/revisions"}],"wp:attachment":[{"href":"https:\/\/kassel-ebb.eu\/de\/wp-json\/wp\/v2\/media?parent=266"}],"curies":[{"name":"wp","href":"https:\/\/api.w.org\/{rel}","templated":true}]}}