{"id":1413,"date":"2022-06-28T19:45:50","date_gmt":"2022-06-28T17:45:50","guid":{"rendered":"https:\/\/dev-eb2.abraxis-kassel.de\/?page_id=1413"},"modified":"2026-04-30T20:20:21","modified_gmt":"2026-04-30T18:20:21","slug":"faq","status":"publish","type":"page","link":"https:\/\/kassel-ebb.eu\/de\/faq\/","title":{"rendered":"FAQ"},"content":{"rendered":"\n<div class=\"wp-block-group alignfull has-accent-2-color has-text-color has-link-color wp-elements-fcbf30c47b8d536f935463db6806fb58 has-global-padding is-layout-constrained wp-block-group-is-layout-constrained\" style=\"padding-bottom:0\">\n<div class=\"wp-block-group alignfull has-accent-1-background-color has-background has-global-padding is-layout-constrained wp-block-group-is-layout-constrained\" style=\"padding-top:var(--wp--preset--spacing--40);padding-bottom:0\">\n<div class=\"wp-block-columns alignwide is-layout-flex wp-container-core-columns-is-layout-28f84493 wp-block-columns-is-layout-flex\">\n<div class=\"wp-block-column is-vertically-aligned-center is-layout-flow wp-block-column-is-layout-flow\" style=\"flex-basis:40%\">\n<h1 class=\"wp-block-heading has-text-align-left has-accent-3-color has-text-color has-link-color wp-elements-891ef2146d3ed9f3339b941e51b4af73\" style=\"font-size:clamp(35.641px, 2.228rem + ((1vw - 3.2px) * 2.878), 65px);\">FAQ<\/h1>\n<\/div>\n\n\n\n<div class=\"wp-block-column is-vertically-aligned-bottom is-layout-flow wp-block-column-is-layout-flow\" style=\"flex-basis:60%\">\n<figure class=\"wp-block-image size-full titleImgSubPage\"><img decoding=\"async\" src=\"https:\/\/kassel-ebb.eu\/wp-content\/uploads\/2026\/04\/questionmark.png\" alt=\"\" class=\"wp-image-6987\" style=\"object-fit:cover\"\/><\/figure>\n<\/div>\n<\/div>\n<\/div>\n<\/div>\n\n\n\n<div style=\"height:60px\" aria-hidden=\"true\" class=\"wp-block-spacer\"><\/div>\n\n\n\n<div data-wp-context=\"{ &quot;autoclose&quot;: false, &quot;accordionItems&quot;: [] }\" data-wp-interactive=\"core\/accordion\" role=\"group\" class=\"wp-block-accordion faqEBB is-layout-flow wp-block-accordion-is-layout-flow\">\n<div data-wp-class--is-open=\"state.isOpen\" data-wp-context=\"{ &quot;id&quot;: &quot;accordion-item-1&quot;, &quot;openByDefault&quot;: false }\" data-wp-init=\"callbacks.initAccordionItems\" data-wp-on-window--hashchange=\"callbacks.hashChange\" class=\"wp-block-accordion-item is-layout-flow wp-block-accordion-item-is-layout-flow\">\n<h3 class=\"wp-block-accordion-heading has-accent-3-color has-text-color has-link-color wp-elements-53fcaea12b7c9eeb25be44c41de2e834\" style=\"font-style:normal;font-weight:600\"><button aria-expanded=\"false\" aria-controls=\"accordion-item-1-panel\" data-wp-bind--aria-expanded=\"state.isOpen\" data-wp-on--click=\"actions.toggle\" data-wp-on--keydown=\"actions.handleKeyDown\" id=\"accordion-item-1\" type=\"button\" class=\"wp-block-accordion-heading__toggle\"><span class=\"wp-block-accordion-heading__toggle-icon\" aria-hidden=\"true\">+<\/span><span class=\"wp-block-accordion-heading__toggle-title\">Wer ist die EBB?<\/span><\/button><\/h3>\n\n\n\n<div inert aria-labelledby=\"accordion-item-1\" data-wp-bind--inert=\"!state.isOpen\" id=\"accordion-item-1-panel\" role=\"region\" class=\"wp-block-accordion-panel is-layout-flow wp-block-accordion-panel-is-layout-flow\">\n<p>Unser Team ist generations\u00fcbergreifend, engagiert und auf freiwilliger Basis h\u00f6chst aktiv, ein Europa der B\u00fcrgerinnen und B\u00fcrger zu gestalten.<\/p>\n<\/div>\n<\/div>\n\n\n\n<div data-wp-class--is-open=\"state.isOpen\" data-wp-context=\"{ &quot;id&quot;: &quot;accordion-item-2&quot;, &quot;openByDefault&quot;: false }\" data-wp-init=\"callbacks.initAccordionItems\" data-wp-on-window--hashchange=\"callbacks.hashChange\" class=\"wp-block-accordion-item is-layout-flow wp-block-accordion-item-is-layout-flow\">\n<h3 class=\"wp-block-accordion-heading has-accent-3-color has-text-color has-link-color wp-elements-656c809effd25eb3692f978d866ed12a\" style=\"font-style:normal;font-weight:600\"><button aria-expanded=\"false\" aria-controls=\"accordion-item-2-panel\" data-wp-bind--aria-expanded=\"state.isOpen\" data-wp-on--click=\"actions.toggle\" data-wp-on--keydown=\"actions.handleKeyDown\" id=\"accordion-item-2\" type=\"button\" class=\"wp-block-accordion-heading__toggle\"><span class=\"wp-block-accordion-heading__toggle-icon\" aria-hidden=\"true\">+<\/span><span class=\"wp-block-accordion-heading__toggle-title\">Was macht die EBB?<\/span><\/button><\/h3>\n\n\n\n<div inert aria-labelledby=\"accordion-item-2\" data-wp-bind--inert=\"!state.isOpen\" id=\"accordion-item-2-panel\" role=\"region\" class=\"wp-block-accordion-panel is-layout-flow wp-block-accordion-panel-is-layout-flow\">\n<p>&#8222;Let&#8217;s get together&#8220;, das ist unser Motto. Alle zwei Jahre treffen sich Europ\u00e4erinnen und Europ\u00e4er in Kassel. Immer am zweiten vollen Septemberwochenende.<\/p>\n<\/div>\n<\/div>\n\n\n\n<div data-wp-class--is-open=\"state.isOpen\" data-wp-context=\"{ &quot;id&quot;: &quot;accordion-item-3&quot;, &quot;openByDefault&quot;: false }\" data-wp-init=\"callbacks.initAccordionItems\" data-wp-on-window--hashchange=\"callbacks.hashChange\" class=\"wp-block-accordion-item is-layout-flow wp-block-accordion-item-is-layout-flow\">\n<h3 class=\"wp-block-accordion-heading has-accent-3-color has-text-color has-link-color wp-elements-6812d65d779ff5224a501c84391e4e5b\" style=\"font-style:normal;font-weight:600\"><button aria-expanded=\"false\" aria-controls=\"accordion-item-3-panel\" data-wp-bind--aria-expanded=\"state.isOpen\" data-wp-on--click=\"actions.toggle\" data-wp-on--keydown=\"actions.handleKeyDown\" id=\"accordion-item-3\" type=\"button\" class=\"wp-block-accordion-heading__toggle\"><span class=\"wp-block-accordion-heading__toggle-icon\" aria-hidden=\"true\">+<\/span><span class=\"wp-block-accordion-heading__toggle-title\">Wie kann ich bei der EBB mitmachen?<\/span><\/button><\/h3>\n\n\n\n<div inert aria-labelledby=\"accordion-item-3\" data-wp-bind--inert=\"!state.isOpen\" id=\"accordion-item-3-panel\" role=\"region\" class=\"wp-block-accordion-panel is-layout-flow wp-block-accordion-panel-is-layout-flow\">\n<p><strong>F\u00fcr G\u00e4ste:<\/strong> Du m\u00f6chtest an der EBB in Kassel live dabei sein und teilnehmen? &#8211; Es ist ganz einfach: <a href=\"https:\/\/kassel-ebb.eu\/de\/anmeldung\/\">Melde Dich \u00fcber unser Formular an<\/a> und schon bist du dabei!<\/p>\n\n\n\n<p><strong>F\u00fcr Interessierte:<\/strong><\/p>\n\n\n\n<p><strong><a href=\"https:\/\/kassel-ebb.eu\/de\/mitmachen\/?lang=de\">Mitarbeit im Orgateam:<\/a><\/strong> Unser OrgaTeam tagt in regelm\u00e4\u00dfigen Abst\u00e4nden von zwei Wochen und im Umfang von ca. 2 Stunden. Melde Dich per <a href=\"office@kassel-ebb.eu\">Mail <\/a>bei uns und los geht&#8217;s. Wir freuen uns auf Dich und Deine Ideen!<\/p>\n\n\n\n<p><strong><a href=\"https:\/\/kassel-ebb.eu\/de\/workshops\/\">Einen Workshop anbieten<\/a><\/strong>: Du interessierst dich f\u00fcr ein bestimmtes Themengebiet, hast ein leidenschaftliches Hobby oder m\u00f6chtest eine lang gehegte Idee in ein Projekt umsetzen? Im Rahmen der EBB hast du hierzu die M\u00f6glichkeit, an zwei Tagen in Form von drei Modulen einen Workshop anzubieten. Alternativ kannst du auch nur ein oder zwei Module anbieten &#8211; kein Problem, wir sind flexibel!<\/p>\n\n\n\n<p><strong><a href=\"https:\/\/kassel-ebb.eu\/de\/dolmetschen\/\">Dolmetschen\/Sprachenservice:<\/a><\/strong> Du bist vielleicht kein zertifizierter Dolmetscher, aber sprachlich versiert und hast vor allem Lust dazu, Deine Sprachkenntnisse nicht verk\u00fcmmern zu lassen, sondern sie regelm\u00e4\u00dfig und aktiv anzuwenden? &#8211; Gro\u00dfartig! Z\u00f6gere keine Minute, uns zu kontaktieren, denn die EBB und EBB ONLINE bieten hervorragende M\u00f6glichkeiten hierf\u00fcr und du entscheidest, in welchem Umfang und wann und in welchem Rahmen es dir genehm ist!<\/p>\n\n\n\n<p><strong><a href=\"https:\/\/kassel-ebb.eu\/de\/gastfamilie-werden\/\">Gastfamilie werden:<\/a><\/strong> Du bist gastfreundlich, aufgeschlossen, hast &#8218;ein Zimmer frei&#8216; und Interesse daran, eine Europ\u00e4erin oder einen Europ\u00e4er aufzunehmen? Vielleicht hast du auch schon \u00e4hnlich positive Erfahrungen gemacht. Es gibt wirklich keine bessere M\u00f6glichkeit, jemanden pers\u00f6nlich in einem Land willkommen zu hei\u00dfen, sich direkt austauschen zu k\u00f6nnen und manchmal den Grundstein f\u00fcr eine jahrelange Freundschaft damit zu legen. Und das alles mit einem einfachen Ausf\u00fcllen eines Kontaktformulars&#8230;leichter geht es doch gar nicht!<\/p>\n\n\n\n<p><strong><a href=\"https:\/\/kassel-ebb.eu\/de\/spenden\/\">Spenden:<\/a><\/strong> Im Rahmen der EBB &#8218;live&#8216; sind wir immer auch auf der Suche nach Spenden\/Beitr\u00e4gen, die unsere EBB im Rahmenprogramm bereichern. Da wir i.d.R. immer auch ein Buffet im Rahmenprogramm haben, k\u00f6nntest du z.B. einen kulinarischen Beitrag zum Buffet leisten&#8230;oder oder oder&#8230;<\/p>\n\n\n\n<p><a href=\"https:\/\/kassel-ebb.eu\/de\/spenden\/\"><strong>Finanzielle Unterst\u00fctzung<\/strong>:<\/a> Du findest unsere Initiative super und m\u00f6chtest unsere internationalen Aktivit\u00e4ten finanziell unterst\u00fctzen? Sehr gerne! Wir freuen uns \u00fcber jede Zuwendung, um unsere Initiative langfristig und vielseitig weiterentwickeln zu k\u00f6nnen.<\/p>\n\n\n\n<p><strong>Werbung:<\/strong> Du bist davon \u00fcberzeugt, dass es in der heutigen Zeit genau so eine Initiative geben muss, von der viel mehr Menschen erfahren sollten? Nur zu! Hilf uns dabei, die EBB sowohl lokal, regional, national und international bekannter zu machen. Erz\u00e4hle Bekannten, Freunden davon, verschicke z.B. den Link zu unserer Homepage, animiere sie, an unseren Veranstaltungen teilzunehmen oder uns zu kontaktieren, Fragen zu stellen, ihre Ideen einzubringen. Vielen Dank! Schon damit hilfst du uns, einen gro\u00dfen Schritt voran zu gehen!<\/p>\n<\/div>\n<\/div>\n\n\n\n<div data-wp-class--is-open=\"state.isOpen\" data-wp-context=\"{ &quot;id&quot;: &quot;accordion-item-4&quot;, &quot;openByDefault&quot;: false }\" data-wp-init=\"callbacks.initAccordionItems\" data-wp-on-window--hashchange=\"callbacks.hashChange\" class=\"wp-block-accordion-item is-layout-flow wp-block-accordion-item-is-layout-flow\">\n<h3 class=\"wp-block-accordion-heading has-accent-3-color has-text-color has-link-color wp-elements-4c61f221b4b86e29d266206cde8969d3\" style=\"font-style:normal;font-weight:600\"><button aria-expanded=\"false\" aria-controls=\"accordion-item-4-panel\" data-wp-bind--aria-expanded=\"state.isOpen\" data-wp-on--click=\"actions.toggle\" data-wp-on--keydown=\"actions.handleKeyDown\" id=\"accordion-item-4\" type=\"button\" class=\"wp-block-accordion-heading__toggle\"><span class=\"wp-block-accordion-heading__toggle-icon\" aria-hidden=\"true\">+<\/span><span class=\"wp-block-accordion-heading__toggle-title\">Wo findet die EBB statt?<\/span><\/button><\/h3>\n\n\n\n<div inert aria-labelledby=\"accordion-item-4\" data-wp-bind--inert=\"!state.isOpen\" id=\"accordion-item-4-panel\" role=\"region\" class=\"wp-block-accordion-panel is-layout-flow wp-block-accordion-panel-is-layout-flow\">\n<p>Die EBB findet in Kassel statt. Kassel bietet als Gro\u00dfstadt im Zentrum von Deutschland und Europa einen gute Verkehrsanbindung in alle Himmelsrichtungen.<\/p>\n<\/div>\n<\/div>\n\n\n\n<div data-wp-class--is-open=\"state.isOpen\" data-wp-context=\"{ &quot;id&quot;: &quot;accordion-item-5&quot;, &quot;openByDefault&quot;: false }\" data-wp-init=\"callbacks.initAccordionItems\" data-wp-on-window--hashchange=\"callbacks.hashChange\" class=\"wp-block-accordion-item is-layout-flow wp-block-accordion-item-is-layout-flow\">\n<h3 class=\"wp-block-accordion-heading has-accent-3-color has-text-color has-link-color wp-elements-fec27a957bbb37f1e8479592c3e6a434\" style=\"font-style:normal;font-weight:600\"><button aria-expanded=\"false\" aria-controls=\"accordion-item-5-panel\" data-wp-bind--aria-expanded=\"state.isOpen\" data-wp-on--click=\"actions.toggle\" data-wp-on--keydown=\"actions.handleKeyDown\" id=\"accordion-item-5\" type=\"button\" class=\"wp-block-accordion-heading__toggle\"><span class=\"wp-block-accordion-heading__toggle-icon\" aria-hidden=\"true\">+<\/span><span class=\"wp-block-accordion-heading__toggle-title\">Warum sollte ich nach Kassel kommen?<\/span><\/button><\/h3>\n\n\n\n<div inert aria-labelledby=\"accordion-item-5\" data-wp-bind--inert=\"!state.isOpen\" id=\"accordion-item-5-panel\" role=\"region\" class=\"wp-block-accordion-panel is-layout-flow wp-block-accordion-panel-is-layout-flow\">\n<p><a href=\"https:\/\/kassel-ebb.eu\/de\/i-%e2%9d%a4%ef%b8%8f-kassel\/\"><\/a>Kassel ist einfach gro\u00dfartig!<\/p>\n<\/div>\n<\/div>\n\n\n\n<div data-wp-class--is-open=\"state.isOpen\" data-wp-context=\"{ &quot;id&quot;: &quot;accordion-item-6&quot;, &quot;openByDefault&quot;: false }\" data-wp-init=\"callbacks.initAccordionItems\" data-wp-on-window--hashchange=\"callbacks.hashChange\" class=\"wp-block-accordion-item is-layout-flow wp-block-accordion-item-is-layout-flow\">\n<h3 class=\"wp-block-accordion-heading has-accent-3-color has-text-color has-link-color wp-elements-aee5c9963e8cd639157117ec5fbe7900\" style=\"font-style:normal;font-weight:600\"><button aria-expanded=\"false\" aria-controls=\"accordion-item-6-panel\" data-wp-bind--aria-expanded=\"state.isOpen\" data-wp-on--click=\"actions.toggle\" data-wp-on--keydown=\"actions.handleKeyDown\" id=\"accordion-item-6\" type=\"button\" class=\"wp-block-accordion-heading__toggle\"><span class=\"wp-block-accordion-heading__toggle-icon\" aria-hidden=\"true\">+<\/span><span class=\"wp-block-accordion-heading__toggle-title\">Welche Workshops werden bei der EBB 2026 angeboten?<\/span><\/button><\/h3>\n\n\n\n<div inert aria-labelledby=\"accordion-item-6\" data-wp-bind--inert=\"!state.isOpen\" id=\"accordion-item-6-panel\" role=\"region\" class=\"wp-block-accordion-panel is-layout-flow wp-block-accordion-panel-is-layout-flow\">\n<p><a href=\"https:\/\/kassel-ebb.eu\/de\/workshops\/\">Eine genaue Auflistung der Workshops findest du hier.<\/a><\/p>\n<\/div>\n<\/div>\n\n\n\n<div data-wp-class--is-open=\"state.isOpen\" data-wp-context=\"{ &quot;id&quot;: &quot;accordion-item-7&quot;, &quot;openByDefault&quot;: false }\" data-wp-init=\"callbacks.initAccordionItems\" data-wp-on-window--hashchange=\"callbacks.hashChange\" class=\"wp-block-accordion-item is-layout-flow wp-block-accordion-item-is-layout-flow\">\n<h3 class=\"wp-block-accordion-heading has-accent-3-color has-text-color has-link-color wp-elements-1e402fe5d5290992d190264c93f2af12\" style=\"font-style:normal;font-weight:600\"><button aria-expanded=\"false\" aria-controls=\"accordion-item-7-panel\" data-wp-bind--aria-expanded=\"state.isOpen\" data-wp-on--click=\"actions.toggle\" data-wp-on--keydown=\"actions.handleKeyDown\" id=\"accordion-item-7\" type=\"button\" class=\"wp-block-accordion-heading__toggle\"><span class=\"wp-block-accordion-heading__toggle-icon\" aria-hidden=\"true\">+<\/span><span class=\"wp-block-accordion-heading__toggle-title\">Macht ihr zum ersten Mal eine EBB?<\/span><\/button><\/h3>\n\n\n\n<div inert aria-labelledby=\"accordion-item-7\" data-wp-bind--inert=\"!state.isOpen\" id=\"accordion-item-7-panel\" role=\"region\" class=\"wp-block-accordion-panel is-layout-flow wp-block-accordion-panel-is-layout-flow\">\n<p>Nein! Die EBB gab es schon 2018, 2022 und 2024. Wir freuen uns auf September 2026 und sehen uns auch ganz sicher 2028 wieder!<\/p>\n\n\n\n<p><a href=\"https:\/\/kassel-ebb.eu\/de\/ebb-2018\/\">150 Teilnehmer aus 8 europ\u00e4ischen L\u00e4ndern, das ist die in Zahlen gefasste Bilanz der Ersten Europ\u00e4ischen B\u00fcrgerbegegnung aus dem Jahr 2018.<\/a><\/p>\n\n\n\n<p>An vier aufeinanderfolgenden Tagen, wurde (u.a.) im Rahmen der angebotenen Workshops, dem kulturellen Rahmenprogramm, einer Demonstration und einer fulminanten Europa-Party ein vielf\u00e4ltiges, abwechslungsreiches Programm initiiert und durchgef\u00fchrt, was einen intensiven Austausch aller teilnehmenden Europ\u00e4er miteinander erm\u00f6glichte. Vom ersten Kennenlernen, anregenden Diskussionen mit unterschiedlichen Standpunkten, Sorgen und \u00c4ngsten, neuen Einsichten und Perspektiven \u00fcber gemeinsames Lachen und Feiern waren am Ende der vier Tage alle Teilnehmenden sichtlich ger\u00fchrt, wie &#8218;intensiv&#8216; und gut sich dieser Schritt in ein sich erneut solidarisierendes Europa anf\u00fchlt.<\/p>\n<\/div>\n<\/div>\n\n\n\n<div data-wp-class--is-open=\"state.isOpen\" data-wp-context=\"{ &quot;id&quot;: &quot;accordion-item-8&quot;, &quot;openByDefault&quot;: false }\" data-wp-init=\"callbacks.initAccordionItems\" data-wp-on-window--hashchange=\"callbacks.hashChange\" class=\"wp-block-accordion-item is-layout-flow wp-block-accordion-item-is-layout-flow\">\n<h3 class=\"wp-block-accordion-heading has-accent-3-color has-text-color has-link-color wp-elements-14c594457874e3780eca3ddc6e692c38\" style=\"font-style:normal;font-weight:600\"><button aria-expanded=\"false\" aria-controls=\"accordion-item-8-panel\" data-wp-bind--aria-expanded=\"state.isOpen\" data-wp-on--click=\"actions.toggle\" data-wp-on--keydown=\"actions.handleKeyDown\" id=\"accordion-item-8\" type=\"button\" class=\"wp-block-accordion-heading__toggle\"><span class=\"wp-block-accordion-heading__toggle-icon\" aria-hidden=\"true\">+<\/span><span class=\"wp-block-accordion-heading__toggle-title\">Ist die EBB Teil der Europ\u00e4ischen Union oder Parlament?<\/span><\/button><\/h3>\n\n\n\n<div inert aria-labelledby=\"accordion-item-8\" data-wp-bind--inert=\"!state.isOpen\" id=\"accordion-item-8-panel\" role=\"region\" class=\"wp-block-accordion-panel is-layout-flow wp-block-accordion-panel-is-layout-flow\">\n<p>Nein, wir sind eine Initiative der Europa-Union Kassel e.V. und <a href=\"https:\/\/pulseofeurope.eu\/\">PulseofEurope<\/a>. Die Europa-Union ist der deutsche Zweig der &#8222;Europ\u00e4ischen F\u00f6rderlisten&#8220; und blickt bereits auf eine 70-j\u00e4hrige Geschichte zur\u00fcck. Als \u00fcberparteilicher Verein setzt sie sich f\u00fcr ein vereintes und solidarisches Europa ein.<\/p>\n<\/div>\n<\/div>\n\n\n\n<div data-wp-class--is-open=\"state.isOpen\" data-wp-context=\"{ &quot;id&quot;: &quot;accordion-item-9&quot;, &quot;openByDefault&quot;: false }\" data-wp-init=\"callbacks.initAccordionItems\" data-wp-on-window--hashchange=\"callbacks.hashChange\" class=\"wp-block-accordion-item is-layout-flow wp-block-accordion-item-is-layout-flow\">\n<h3 class=\"wp-block-accordion-heading has-accent-3-color has-text-color has-link-color wp-elements-6d43e0ee83e2b1c5468b3578fa6e90f5\" style=\"font-style:normal;font-weight:600\"><button aria-expanded=\"false\" aria-controls=\"accordion-item-9-panel\" data-wp-bind--aria-expanded=\"state.isOpen\" data-wp-on--click=\"actions.toggle\" data-wp-on--keydown=\"actions.handleKeyDown\" id=\"accordion-item-9\" type=\"button\" class=\"wp-block-accordion-heading__toggle\"><span class=\"wp-block-accordion-heading__toggle-icon\" aria-hidden=\"true\">+<\/span><span class=\"wp-block-accordion-heading__toggle-title\">Was kostet die Teilnahme an der EBB?<\/span><\/button><\/h3>\n\n\n\n<div inert aria-labelledby=\"accordion-item-9\" data-wp-bind--inert=\"!state.isOpen\" id=\"accordion-item-9-panel\" role=\"region\" class=\"wp-block-accordion-panel is-layout-flow wp-block-accordion-panel-is-layout-flow\">\n<p>Jeder, der an der EBB teilnehmen m\u00f6chte, sollte auch daran teilnehmen k\u00f6nnen. Das ist uns wichtig!<br>Die Unterbringung in den Gastfamilien ist kostenlos. Es besteht grunds\u00e4tzlich die M\u00f6glichkeit, gegen Vorlage der Fahrscheine auch einen Reisekostenzuschuss f\u00fcr die Teilnahme an der EBB in Kassel zu beantragen.<br>Wir freuen uns \u00fcber jede Spende, die im Rahmen der EBB an uns get\u00e4tigt wird. Eine angemessene H\u00f6he w\u00e4ren 30 \u20ac.<\/p>\n<\/div>\n<\/div>\n<\/div>\n\n\n\n<div style=\"height:100px\" aria-hidden=\"true\" class=\"wp-block-spacer\"><\/div>\n","protected":false},"excerpt":{"rendered":"<p>FAQ<\/p>\n","protected":false},"author":2,"featured_media":0,"parent":0,"menu_order":0,"comment_status":"closed","ping_status":"closed","template":"page-no-title","meta":{"_mc_calendar":[],"footnotes":""},"class_list":["post-1413","page","type-page","status-publish","hentry"],"_links":{"self":[{"href":"https:\/\/kassel-ebb.eu\/de\/wp-json\/wp\/v2\/pages\/1413","targetHints":{"allow":["GET"]}}],"collection":[{"href":"https:\/\/kassel-ebb.eu\/de\/wp-json\/wp\/v2\/pages"}],"about":[{"href":"https:\/\/kassel-ebb.eu\/de\/wp-json\/wp\/v2\/types\/page"}],"author":[{"embeddable":true,"href":"https:\/\/kassel-ebb.eu\/de\/wp-json\/wp\/v2\/users\/2"}],"replies":[{"embeddable":true,"href":"https:\/\/kassel-ebb.eu\/de\/wp-json\/wp\/v2\/comments?post=1413"}],"version-history":[{"count":0,"href":"https:\/\/kassel-ebb.eu\/de\/wp-json\/wp\/v2\/pages\/1413\/revisions"}],"wp:attachment":[{"href":"https:\/\/kassel-ebb.eu\/de\/wp-json\/wp\/v2\/media?parent=1413"}],"curies":[{"name":"wp","href":"https:\/\/api.w.org\/{rel}","templated":true}]}}