{"id":119,"date":"2019-03-23T18:45:48","date_gmt":"2019-03-23T16:45:48","guid":{"rendered":"https:\/\/diode.afcarl.de\/?page_id=119"},"modified":"2026-05-01T21:21:59","modified_gmt":"2026-05-01T19:21:59","slug":"startseite","status":"publish","type":"page","link":"https:\/\/kassel-ebb.eu\/de\/","title":{"rendered":"Europ\u00e4ische B\u00fcrger\u00adbegegnung"},"content":{"rendered":"\n<div class=\"wp-block-group alignfull has-accent-2-color has-text-color has-link-color wp-elements-9d1d766a33d4565cca2e2b0921ea6b59 has-global-padding is-layout-constrained wp-block-group-is-layout-constrained\" style=\"padding-bottom:0\">\n<div class=\"wp-block-group alignfull has-accent-1-background-color has-background has-global-padding is-layout-constrained wp-block-group-is-layout-constrained\" style=\"padding-top:var(--wp--preset--spacing--40);padding-bottom:0\">\n<div class=\"wp-block-columns alignwide is-layout-flex wp-container-core-columns-is-layout-28f84493 wp-block-columns-is-layout-flex\">\n<div class=\"wp-block-column is-vertically-aligned-center is-layout-flow wp-block-column-is-layout-flow\" style=\"flex-basis:40%\">\n<h1 class=\"wp-block-heading has-text-align-left has-accent-3-color has-text-color has-link-color wp-elements-64fd5aae70840e149fbf5c2ff4b03d1c\" style=\"font-size:clamp(35.641px, 2.228rem + ((1vw - 3.2px) * 2.878), 65px);\"><strong>United in Diversity<\/strong> &#8211; <br><strong>EBB<\/strong> <strong>2026<\/strong>  <strong>Kassel<\/strong><\/h1>\n<\/div>\n\n\n\n<div class=\"wp-block-column is-vertically-aligned-bottom is-layout-flow wp-block-column-is-layout-flow\" style=\"flex-basis:60%\">\n<figure class=\"wp-block-image size-full\"><img loading=\"lazy\" decoding=\"async\" width=\"900\" height=\"631\" src=\"https:\/\/kassel-ebb.eu\/wp-content\/uploads\/2026\/04\/haende-mit-flaggen-web-opt.png\" alt=\"\" class=\"wp-image-5725\" srcset=\"https:\/\/kassel-ebb.eu\/wp-content\/uploads\/2026\/04\/haende-mit-flaggen-web-opt.png 900w, https:\/\/kassel-ebb.eu\/wp-content\/uploads\/2026\/04\/haende-mit-flaggen-web-opt-300x210.png 300w, https:\/\/kassel-ebb.eu\/wp-content\/uploads\/2026\/04\/haende-mit-flaggen-web-opt-768x538.png 768w\" sizes=\"auto, (max-width: 900px) 100vw, 900px\" \/><\/figure>\n<\/div>\n<\/div>\n<\/div>\n<\/div>\n\n\n\n<h2 class=\"wp-block-heading alignwide has-accent-3-color has-text-color has-link-color wp-elements-193d4ac64b457c3894723cec7c623092\" style=\"margin-top:var(--wp--preset--spacing--50);font-size:clamp(28.836px, 1.802rem + ((1vw - 3.2px) * 2.075), 50px);\">Die Europ\u00e4ische B\u00fcrgerbegegnung 2026 findet vom 10. bis zum 13. September statt.<\/h2>\n\n\n\n<div style=\"height:80px\" aria-hidden=\"true\" class=\"wp-block-spacer\"><\/div>\n\n\n\n<p>Das Motto f\u00fcr 2026 lautet <strong>Our Europe &#8211; United in Diversity.<\/strong><\/p>\n\n\n\n<p>Wir wollen uns mit dem Thema Diversit\u00e4t, und wie es in Europa wahrgenommen wird, besch\u00e4ftigen. Schau dir doch gleich mal unsere Workshops an und dann ab zur Anmeldung. Wir freuen uns auf dich!\u00a0<\/p>\n\n\n\n<div class=\"wp-block-buttons is-content-justification-center is-layout-flex wp-container-core-buttons-is-layout-a89b3969 wp-block-buttons-is-layout-flex\">\n<div class=\"wp-block-button is-style-fill\"><a class=\"wp-block-button__link has-accent-4-background-color has-background wp-element-button\" href=\"https:\/\/kassel-ebb.eu\/de\/workshops\/\" style=\"font-style:normal;font-weight:600\">Workshops<\/a><\/div>\n\n\n\n<div class=\"wp-block-button is-style-fill\"><a class=\"wp-block-button__link has-accent-4-background-color has-background has-text-align-left wp-element-button\" href=\"https:\/\/kassel-ebb.eu\/de\/anmeldung\/\" style=\"font-style:normal;font-weight:600\">Anmeldung<\/a><\/div>\n<\/div>\n\n\n\n<div style=\"height:100px\" aria-hidden=\"true\" class=\"wp-block-spacer\"><\/div>\n\n\n\n<div class=\"wp-block-group alignfull has-global-padding is-layout-constrained wp-block-group-is-layout-constrained\" style=\"padding-top:var(--wp--preset--spacing--40);padding-bottom:var(--wp--preset--spacing--70)\">\n<div style=\"--s1-rc-columns-mobile-portrait:1;--s1-rc-columns-mobile-landscape:1;--s1-rc-columns-tablet-portrait:1;--s1-rc-columns-tablet-landscape:2;--s1-rc-gap-x:50px;--s1-rc-gap-x-desktop:50px;--s1-rc-gap-x-tablet-landscape:50px;--s1-rc-gap-x-tablet-portrait:50px;--s1-rc-gap-x-mobile-landscape:50px;--s1-rc-gap-x-mobile-portrait:50px;\" class=\"wp-block-columns alignwide is-layout-flex wp-container-core-columns-is-layout-28f84493 wp-block-columns-is-layout-flex has-s1-rc-columns\">\n<div class=\"wp-block-column is-vertically-aligned-top is-layout-flow wp-block-column-is-layout-flow\">\n<figure data-wp-context=\"{&quot;imageId&quot;:&quot;69f70f1764997&quot;}\" data-wp-interactive=\"core\/image\" data-wp-key=\"69f70f1764997\" class=\"wp-block-image size-full wp-lightbox-container\"><img loading=\"lazy\" decoding=\"async\" width=\"1700\" height=\"567\" data-wp-class--hide=\"state.isContentHidden\" data-wp-class--show=\"state.isContentVisible\" data-wp-init=\"callbacks.setButtonStyles\" data-wp-on--click=\"actions.showLightbox\" data-wp-on--load=\"callbacks.setButtonStyles\" data-wp-on-window--resize=\"callbacks.setButtonStyles\" src=\"https:\/\/kassel-ebb.eu\/wp-content\/uploads\/2026\/04\/csm_KasselgrusstMulhouse_98d34bc7ae.jpg\" alt=\"Kassel hei\u00dft Mulhouse willkommen\" class=\"wp-image-6307\" style=\"aspect-ratio:3\/2;object-fit:cover\" srcset=\"https:\/\/kassel-ebb.eu\/wp-content\/uploads\/2026\/04\/csm_KasselgrusstMulhouse_98d34bc7ae.jpg 1700w, https:\/\/kassel-ebb.eu\/wp-content\/uploads\/2026\/04\/csm_KasselgrusstMulhouse_98d34bc7ae-300x100.jpg 300w, https:\/\/kassel-ebb.eu\/wp-content\/uploads\/2026\/04\/csm_KasselgrusstMulhouse_98d34bc7ae-1024x342.jpg 1024w, https:\/\/kassel-ebb.eu\/wp-content\/uploads\/2026\/04\/csm_KasselgrusstMulhouse_98d34bc7ae-768x256.jpg 768w, https:\/\/kassel-ebb.eu\/wp-content\/uploads\/2026\/04\/csm_KasselgrusstMulhouse_98d34bc7ae-1536x512.jpg 1536w, https:\/\/kassel-ebb.eu\/wp-content\/uploads\/2026\/04\/csm_KasselgrusstMulhouse_98d34bc7ae-1320x440.jpg 1320w\" sizes=\"auto, (max-width: 1700px) 100vw, 1700px\" \/><button\n\t\t\tclass=\"lightbox-trigger\"\n\t\t\ttype=\"button\"\n\t\t\taria-haspopup=\"dialog\"\n\t\t\taria-label=\"Vergr\u00f6\u00dfern\"\n\t\t\tdata-wp-init=\"callbacks.initTriggerButton\"\n\t\t\tdata-wp-on--click=\"actions.showLightbox\"\n\t\t\tdata-wp-style--right=\"state.imageButtonRight\"\n\t\t\tdata-wp-style--top=\"state.imageButtonTop\"\n\t\t>\n\t\t\t<svg xmlns=\"http:\/\/www.w3.org\/2000\/svg\" width=\"12\" height=\"12\" fill=\"none\" viewBox=\"0 0 12 12\">\n\t\t\t\t<path fill=\"#fff\" d=\"M2 0a2 2 0 0 0-2 2v2h1.5V2a.5.5 0 0 1 .5-.5h2V0H2Zm2 10.5H2a.5.5 0 0 1-.5-.5V8H0v2a2 2 0 0 0 2 2h2v-1.5ZM8 12v-1.5h2a.5.5 0 0 0 .5-.5V8H12v2a2 2 0 0 1-2 2H8Zm2-12a2 2 0 0 1 2 2v2h-1.5V2a.5.5 0 0 0-.5-.5H8V0h2Z\" \/>\n\t\t\t<\/svg>\n\t\t<\/button><\/figure>\n<\/div>\n\n\n\n<div class=\"wp-block-column is-vertically-aligned-center is-layout-flow wp-block-column-is-layout-flow\">\n<p>Jahrzehntelang brachte das vereinte Europa seinen Bewohnern Frieden und Wohlstand. Aber heute steht die Europ\u00e4ische Union vor enormen Herausforderungen: Arbeitslosigkeit, Klimawandel, Migration, Digitalisierung, Populismus und vieles mehr.<\/p>\n\n\n\n<p>Um sich diesen Herausforderungen zu stellen und weiterhin Frieden und Wohlstand zu sichern, braucht Europa eine verst\u00e4rkte Integration und Solidarit\u00e4t seiner Mitgliedsstaaten untereinander. Wir B\u00fcrgerinnen und B\u00fcrger m\u00fcssen zusammenfinden, um die Einheit Europas zu bewahren und weiter zu gestalten. <\/p>\n\n\n\n<p>\u201eLeute treffen Leute\u201c \u2013 das ist unsere Idee von der Europ\u00e4ischen B\u00fcrgerbegegnung (EBB)<\/p>\n\n\n\n<div class=\"wp-block-buttons is-layout-flex wp-block-buttons-is-layout-flex\">\n<div class=\"wp-block-button\"><a class=\"wp-block-button__link has-accent-4-background-color has-background wp-element-button\" href=\"https:\/\/kassel-ebb.eu\/de\/uber\/\" style=\"font-style:normal;font-weight:600\">\u00dcber uns<\/a><\/div>\n<\/div>\n<\/div>\n<\/div>\n<\/div>\n\n\n\n<div style=\"height:100px\" aria-hidden=\"true\" class=\"wp-block-spacer\"><\/div>\n\n\n\n<div class=\"wp-block-columns alignwide is-layout-flex wp-container-core-columns-is-layout-cbe57604 wp-block-columns-is-layout-flex\">\n<div class=\"wp-block-column has-accent-3-background-color has-background is-layout-flow wp-block-column-is-layout-flow\">\n<div class=\"wp-block-group is-style-default has-accent-1-color has-accent-3-background-color has-text-color has-background has-link-color wp-elements-dd12a266f96ab80376913691aa0a6710 has-global-padding is-layout-constrained wp-container-core-group-is-layout-f611be13 wp-block-group-is-layout-constrained\" style=\"min-height:100%;padding-top:var(--wp--preset--spacing--50);padding-right:var(--wp--preset--spacing--50);padding-bottom:var(--wp--preset--spacing--50);padding-left:var(--wp--preset--spacing--50)\">\n<figure class=\"wp-block-image aligncenter size-full is-resized wp-duotone-cae21a-cae21a-1\"><img loading=\"lazy\" decoding=\"async\" width=\"203\" height=\"272\" src=\"https:\/\/kassel-ebb.eu\/wp-content\/uploads\/2026\/04\/questionmark.png\" alt=\"\" class=\"wp-image-5970\" style=\"width:auto;height:60px\"\/><\/figure>\n\n\n\n<h3 class=\"wp-block-heading has-text-align-center has-accent-1-color has-text-color has-link-color wp-elements-003d05d7cffbd765e7a31f1b54d0dffc\" style=\"font-style:normal;font-weight:600\">Fragen zu EBB?<\/h3>\n\n\n\n<div class=\"wp-block-buttons is-content-justification-center is-layout-flex wp-container-core-buttons-is-layout-a89b3969 wp-block-buttons-is-layout-flex\">\n<div class=\"wp-block-button\"><a class=\"wp-block-button__link has-accent-4-background-color has-background wp-element-button\" href=\"https:\/\/kassel-ebb.eu\/de\/faq\/\" style=\"font-style:normal;font-weight:600\">FAQ<\/a><\/div>\n<\/div>\n<\/div>\n<\/div>\n\n\n\n<div class=\"wp-block-column is-layout-flow wp-block-column-is-layout-flow\">\n<div class=\"wp-block-group is-style-section-1 has-accent-1-background-color has-background has-global-padding is-layout-constrained wp-container-core-group-is-layout-f611be13 wp-block-group-is-layout-constrained is-style-section-1--2\" style=\"padding-top:var(--wp--preset--spacing--50);padding-right:var(--wp--preset--spacing--50);padding-bottom:var(--wp--preset--spacing--50);padding-left:var(--wp--preset--spacing--50)\">\n<figure class=\"wp-block-image aligncenter size-medium is-resized wp-duotone-264594-264594-3\"><img loading=\"lazy\" decoding=\"async\" width=\"300\" height=\"276\" src=\"https:\/\/kassel-ebb.eu\/wp-content\/uploads\/2026\/04\/get-involved6-300x276.png\" alt=\"\" class=\"wp-image-6249\" style=\"width:64px\" srcset=\"https:\/\/kassel-ebb.eu\/wp-content\/uploads\/2026\/04\/get-involved6-300x276.png 300w, https:\/\/kassel-ebb.eu\/wp-content\/uploads\/2026\/04\/get-involved6.png 500w\" sizes=\"auto, (max-width: 300px) 100vw, 300px\" \/><\/figure>\n\n\n\n<h3 class=\"wp-block-heading has-text-align-center\" style=\"font-style:normal;font-weight:700\">Werde Teil von uns!<\/h3>\n\n\n\n<div class=\"wp-block-buttons is-content-justification-center is-layout-flex wp-container-core-buttons-is-layout-a89b3969 wp-block-buttons-is-layout-flex\">\n<div class=\"wp-block-button\"><a class=\"wp-block-button__link has-accent-4-background-color has-background wp-element-button\" href=\"https:\/\/kassel-ebb.eu\/de\/mitmachen\/\" style=\"font-style:normal;font-weight:600\">Mitmachen<\/a><\/div>\n<\/div>\n<\/div>\n<\/div>\n<\/div>\n\n\n\n<div style=\"height:100px\" aria-hidden=\"true\" class=\"wp-block-spacer\"><\/div>\n\n\n\n<div class=\"wp-block-group alignfull has-background has-global-padding is-layout-constrained wp-block-group-is-layout-constrained\" style=\"background-color:#93a2c942;padding-top:var(--wp--preset--spacing--50);padding-bottom:var(--wp--preset--spacing--50)\">\n<h2 class=\"wp-block-heading alignwide\">News<\/h2>\n\n\n\n<div class=\"wp-block-query alignwide is-layout-flow wp-block-query-is-layout-flow\"><ul class=\"columns-3 wp-block-post-template is-layout-grid wp-container-core-post-template-is-layout-10753265 wp-block-post-template-is-layout-grid\"><li class=\"wp-block-post post-5590 post type-post status-publish format-standard hentry category-aktuelles\">\n\n<div class=\"wp-block-group is-layout-flow wp-block-group-is-layout-flow\" style=\"padding-top:var(--wp--preset--spacing--40);padding-right:0;padding-bottom:var(--wp--preset--spacing--40);padding-left:0\"><h3 class=\"wp-block-post-title\"><a href=\"https:\/\/kassel-ebb.eu\/de\/2026\/03\/offentliches-vorbereitungstreffen-31-03-18-uhr\/\" target=\"_self\" >\u00d6ffentliches Vorbereitungstreffen 31.03., 18 Uhr<\/a><\/h3>\n\n<div class=\"wp-block-post-excerpt\"><p class=\"wp-block-post-excerpt__excerpt\">4. Europ\u00e4ische B\u00fcrgerbegegnung in Kassel Liebe Europ\u00e4erinnen und Europ\u00e4er,&nbsp; die digitale Souver\u00e4nit\u00e4t ist hin und wieder mit kleinen Hindernissen gespickt. Falls ihr also schon l\u00e4nger nichts mehr von uns geh\u00f6rt habt: Wir waren nicht weg, haben uns nur versteckt (und&hellip;<\/p><p class=\"wp-block-post-excerpt__more-text\"><a class=\"wp-block-post-excerpt__more-link\" href=\"https:\/\/kassel-ebb.eu\/de\/2026\/03\/offentliches-vorbereitungstreffen-31-03-18-uhr\/\">Weiterlesen<\/a><\/p><\/div>\n\n<div class=\"wp-block-post-date\"><time datetime=\"2026-03-29T13:02:27+02:00\">29. M\u00e4rz 2026<\/time><\/div><\/div>\n\n<\/li><li class=\"wp-block-post post-5571 post type-post status-publish format-standard hentry category-aktuelles\">\n\n<div class=\"wp-block-group is-layout-flow wp-block-group-is-layout-flow\" style=\"padding-top:var(--wp--preset--spacing--40);padding-right:0;padding-bottom:var(--wp--preset--spacing--40);padding-left:0\"><h3 class=\"wp-block-post-title\"><a href=\"https:\/\/kassel-ebb.eu\/de\/2026\/03\/ebb2026-jetzt-anmelden\/\" target=\"_self\" >EBB2026 &#8211; Jetzt anmelden!<\/a><\/h3>\n\n<div class=\"wp-block-post-excerpt\"><p class=\"wp-block-post-excerpt__excerpt\">Die Europ\u00e4ische B\u00fcrgerbegegnung (EBB) findet wieder in Kassel statt! Vom 10. bis 13. September 2026 kommen Menschen aus ganz Europa im Herzen Deutschlands zusammen. In diesem Jahr lautet das Motto: &#8222;Unser Europa \u2013 Vereint in Vielfalt&#8220;. Vier Tage lang besch\u00e4ftigen&hellip;<\/p><p class=\"wp-block-post-excerpt__more-text\"><a class=\"wp-block-post-excerpt__more-link\" href=\"https:\/\/kassel-ebb.eu\/de\/2026\/03\/ebb2026-jetzt-anmelden\/\">Weiterlesen<\/a><\/p><\/div>\n\n<div class=\"wp-block-post-date\"><time datetime=\"2026-03-09T11:09:31+02:00\">9. M\u00e4rz 2026<\/time><\/div><\/div>\n\n<\/li><li class=\"wp-block-post post-5247 post type-post status-publish format-standard hentry category-aktuelles\">\n\n<div class=\"wp-block-group is-layout-flow wp-block-group-is-layout-flow\" style=\"padding-top:var(--wp--preset--spacing--40);padding-right:0;padding-bottom:var(--wp--preset--spacing--40);padding-left:0\"><h3 class=\"wp-block-post-title\"><a href=\"https:\/\/kassel-ebb.eu\/de\/2024\/12\/ebb2024-ein-ruckblick\/\" target=\"_self\" >EBB2024 &#8211; Ein R\u00fcckblick<\/a><\/h3>\n\n<div class=\"wp-block-post-excerpt\"><p class=\"wp-block-post-excerpt__excerpt\">Mehr als 150 Teilnehmer:innen aus unterschiedlichen L\u00e4ndern Europas, darunter Gruppen aus Polen (Danzig), Schweden (V\u00e4steras) und Frankreich (Mulhouse) sowie aus der nordhessischen Region haben vom 12.09. bis 15.09.2024 an der Dritten Europ\u00e4ischen B\u00fcrgerbegegnung (EBB) in Kassel teilgenommen und dabei an&hellip;<\/p><p class=\"wp-block-post-excerpt__more-text\"><a class=\"wp-block-post-excerpt__more-link\" href=\"https:\/\/kassel-ebb.eu\/de\/2024\/12\/ebb2024-ein-ruckblick\/\">Weiterlesen<\/a><\/p><\/div>\n\n<div class=\"wp-block-post-date\"><time datetime=\"2024-12-19T17:56:13+02:00\">19. Dezember 2024<\/time><\/div><\/div>\n\n<\/li><\/ul><\/div>\n\n\n\n<div class=\"wp-block-buttons is-content-justification-center is-layout-flex wp-container-core-buttons-is-layout-d8c0be80 wp-block-buttons-is-layout-flex\" style=\"margin-top:var(--wp--preset--spacing--40)\">\n<div class=\"wp-block-button\"><a class=\"wp-block-button__link wp-element-button\" href=\"https:\/\/kassel-ebb.eu\/de\/category\/aktuelles\/\">Alle Meldungen<\/a><\/div>\n<\/div>\n<\/div>\n\n\n\n<div style=\"height:81px\" aria-hidden=\"true\" class=\"wp-block-spacer\"><\/div>\n\n\n\n<div data-wp-context=\"{ &quot;autoclose&quot;: false, &quot;accordionItems&quot;: [] }\" data-wp-interactive=\"core\/accordion\" role=\"group\" class=\"wp-block-accordion faqEBB is-layout-flow wp-block-accordion-is-layout-flow\">\n<div data-wp-class--is-open=\"state.isOpen\" data-wp-context=\"{ &quot;id&quot;: &quot;accordion-item-4&quot;, &quot;openByDefault&quot;: false }\" data-wp-init=\"callbacks.initAccordionItems\" data-wp-on-window--hashchange=\"callbacks.hashChange\" class=\"wp-block-accordion-item is-layout-flow wp-block-accordion-item-is-layout-flow\">\n<h3 class=\"wp-block-accordion-heading\" style=\"border-bottom-color:var(--wp--preset--color--accent-3);border-bottom-width:2px\"><button aria-expanded=\"false\" aria-controls=\"accordion-item-4-panel\" data-wp-bind--aria-expanded=\"state.isOpen\" data-wp-on--click=\"actions.toggle\" data-wp-on--keydown=\"actions.handleKeyDown\" id=\"accordion-item-4\" type=\"button\" class=\"wp-block-accordion-heading__toggle\"><span class=\"wp-block-accordion-heading__toggle-icon\" aria-hidden=\"true\">+<\/span><span class=\"wp-block-accordion-heading__toggle-title\">Die Europ\u00e4ische Union in der Krise?<\/span><\/button><\/h3>\n\n\n\n<div inert aria-labelledby=\"accordion-item-4\" data-wp-bind--inert=\"!state.isOpen\" id=\"accordion-item-4-panel\" role=\"region\" class=\"wp-block-accordion-panel is-layout-flow wp-block-accordion-panel-is-layout-flow\">\n<p>Ist die Europ\u00e4ische Union in der Krise? Man k\u00f6nnte meinen, dass der europ\u00e4ische Gedanke zunehmend an Unterst\u00fctzung verliert, weil Brexit, Uneinigkeit in der Fl\u00fcchtlingsfrage und das Verfolgen nationaler statt europ\u00e4ischer Interessen die Einheit Europas infrage stellen.<\/p>\n\n\n\n<p>Europa muss ein Europa der B\u00fcrgerinnen und B\u00fcrger sein. Wir,&nbsp;das Organisationsteam&nbsp;der&nbsp;Europ\u00e4ischen B\u00fcrgerbegegnung (EBB)&nbsp;nehmen dieses Ziel ernst und wollen Europa f\u00fcr jeden Einzelnen erlebbar machen als eine Gruppe engagierter Europ\u00e4er und Europ\u00e4erinnen aus Kassel und der Region, die bereits in diversen Organisationen t\u00e4tig sind und sich ehrenamtlich engagieren.<\/p>\n\n\n\n<p>Europa ist nach wie vor ein B\u00fcndnis, das von vielen Menschen getragen und unterst\u00fctzt wird und in einer globalen Welt eine wirtschafts- und gesellschaftspolitische Macht darstellt: Ein friedlicher und demokratischer Global Player, der neben USA, Russland und China eine tragene Rolle in der Weltordnung spielt.<\/p>\n\n\n\n<p><\/p>\n<\/div>\n<\/div>\n<\/div>\n\n\n\n<div style=\"height:100px\" aria-hidden=\"true\" class=\"wp-block-spacer\"><\/div>\n\n\n\n<blockquote class=\"wp-block-quote is-style-plain has-accent-4-background-color has-background is-layout-flow wp-block-quote-is-layout-flow is-style-plain--5\" style=\"padding-top:var(--wp--preset--spacing--40);padding-right:var(--wp--preset--spacing--40);padding-bottom:var(--wp--preset--spacing--40);padding-left:var(--wp--preset--spacing--40)\">\n<p class=\"wp-block-heading has-base-color has-text-color has-link-color wp-elements-4d4d616cf3c2779cd5b4e3eeb1e509ca\" style=\"font-style:normal;font-weight:700\">\u201eDie Begegnung von B\u00fcrgerinnen und B\u00fcrgern aus ganz Europa bei uns in Kassel ist ein Beispiel f\u00fcr gelebte V\u00f6lkerverst\u00e4ndigung. Europ\u00e4erinnen und Europ\u00e4er lernen sich kennen und tauschen sich zu verschiedenen gro\u00dfen und kleinen Themen des Lebens aus. Das baut Vorurteile ab und st\u00e4rkt den Zusammenhalt der Menschen in der Europ\u00e4ischen Union.\u201c<\/p>\n\n\n\n<p class=\"has-base-color has-text-color has-link-color wp-elements-4e5ab9204270b56cac16ca90b7df3ade\">&#8211; Dr. Sven Schoeller (Oberb\u00fcrgermeister Stadt Kassel)<\/p>\n<\/blockquote>\n\n\n\n<div style=\"height:100px\" aria-hidden=\"true\" class=\"wp-block-spacer\"><\/div>\n\n\n\n<p><a href=\"https:\/\/kassel-ebb.eu\/de\/2024\/12\/ebb2024-ein-ruckblick\/\">Das CERV-Eventdescription-Sheet ist hier zu finden!<\/a><\/p>\n\n\n\n<div style=\"height:100px\" aria-hidden=\"true\" class=\"wp-block-spacer\"><\/div>\n","protected":false},"excerpt":{"rendered":"<p>United in Diversity &#8211; EBB 2026 Kassel Die Europ\u00e4ische B\u00fcrgerbegegnung 2026 findet vom 10. bis zum 13. September statt. Das Motto f\u00fcr 2026 lautet Our Europe &#8211; United in Diversity. Wir wollen uns mit dem Thema Diversit\u00e4t, und wie es in Europa wahrgenommen wird, besch\u00e4ftigen. Schau dir doch gleich mal unsere Workshops an und dann [&hellip;]<\/p>\n","protected":false},"author":1,"featured_media":0,"parent":0,"menu_order":0,"comment_status":"closed","ping_status":"closed","template":"page-no-title","meta":{"_mc_calendar":[],"footnotes":""},"class_list":["post-119","page","type-page","status-publish","hentry"],"_links":{"self":[{"href":"https:\/\/kassel-ebb.eu\/de\/wp-json\/wp\/v2\/pages\/119","targetHints":{"allow":["GET"]}}],"collection":[{"href":"https:\/\/kassel-ebb.eu\/de\/wp-json\/wp\/v2\/pages"}],"about":[{"href":"https:\/\/kassel-ebb.eu\/de\/wp-json\/wp\/v2\/types\/page"}],"author":[{"embeddable":true,"href":"https:\/\/kassel-ebb.eu\/de\/wp-json\/wp\/v2\/users\/1"}],"replies":[{"embeddable":true,"href":"https:\/\/kassel-ebb.eu\/de\/wp-json\/wp\/v2\/comments?post=119"}],"version-history":[{"count":2,"href":"https:\/\/kassel-ebb.eu\/de\/wp-json\/wp\/v2\/pages\/119\/revisions"}],"predecessor-version":[{"id":7307,"href":"https:\/\/kassel-ebb.eu\/de\/wp-json\/wp\/v2\/pages\/119\/revisions\/7307"}],"wp:attachment":[{"href":"https:\/\/kassel-ebb.eu\/de\/wp-json\/wp\/v2\/media?parent=119"}],"curies":[{"name":"wp","href":"https:\/\/api.w.org\/{rel}","templated":true}]}}